{"id":1636,"date":"2017-04-11T11:04:12","date_gmt":"2017-04-11T09:04:12","guid":{"rendered":"http:\/\/drinktec-blog.b-rex.de\/?page_id=1636\/"},"modified":"2020-05-20T15:20:36","modified_gmt":"2020-05-20T13:20:36","slug":"datenschutz","status":"publish","type":"page","link":"https:\/\/drinktec-blog.b-rex.de\/de\/datenschutz\/","title":{"rendered":"Datenschutzhinweise"},"content":{"rendered":"\n<p><strong>Grunds\u00e4tze<\/strong><\/p>\n\n\n\n<p>Die Messe M\u00fcnchen GmbH\n(\u201eMesse M\u00fcnchen\u201c) freut sich \u00fcber Ihr Interesse an unserem Unternehmen und\nunseren Produkten. Wir nehmen den Schutz Ihrer personenbezogenen Daten ernst.\nWir m\u00f6chten, dass Sie sich beim Besuch unserer Messen, unserer Webseite und bei\nder Nutzung unserer weiteren digitalen Inhalte und Produkte wohl f\u00fchlen. Auf\nunseren Messen setzen Fotographen und Dienstleister ein, um Fotos und\nBildaufnahmen der Messen zu erstellen, die wir selbst veranstalten. Dazu\ngeh\u00f6ren insbesondere Portrait- und Veranstaltungsfotos (\u201eMesse-Fotos\u201c).<\/p>\n\n\n\n<p>Der Schutz Ihrer\nPrivatsph\u00e4re ist f\u00fcr uns von h\u00f6chster Bedeutung. Deshalb ist das Einhalten der\ngesetzlichen Bestimmungen zum Datenschutz f\u00fcr uns selbstverst\u00e4ndlich. Unsere\nMitarbeiterinnen und Mitarbeiter sind auf das Datengeheimnis verpflichtet. Sie\nwerden regelm\u00e4\u00dfig auf den Gebieten des Datenschutzes und der Datensicherheit\ngeschult. Im Folgenden m\u00f6chten wir Ihnen kurz darstellen, wie wir mit Ihren\npersonenbezogenen Daten im Rahmen unserer Webseite und unserer digitalen\nInhalte und Produkte umgehen und wie wir diese Daten sch\u00fctzen.<\/p>\n\n\n\n<p><strong>1. Wer ist verantwortlicher? Wer ist der Datenschutzbeauftragte?<\/strong><\/p>\n\n\n\n<p>A. Verantwortlich f\u00fcr\ndiese Webseite und unsere weiteren digitalen Inhalte und Produkte<\/p>\n\n\n\n<p>Messe M\u00fcnchen GmbH,\nvertreten durch die Gesch\u00e4ftsf\u00fchrer Herrn Klaus Dittrich, Herrn Dr. Reinhard\nPfeiffer, Herrn Stefan Rummel, Herrn Falk Senger, Herrn Gerhard Gerritzen und\nFrau Monika Dech<\/p>\n\n\n\n<p>Messegel\u00e4nde<\/p>\n\n\n\n<p>81823 M\u00fcnchen<\/p>\n\n\n\n<p>Deutschland<\/p>\n\n\n\n<p>Tel.: +49 89 949-20720<\/p>\n\n\n\n<p>Fax: +49 89 949-20729<\/p>\n\n\n\n<p>E-Mail: <a href=\"mailto:newsline@messe-muenchen.de\">newsline@messe-muenchen.de<\/a> <\/p>\n\n\n\n<p>B.\nDatenschutzbeauftragter<\/p>\n\n\n\n<p>Messe M\u00fcnchen GmbH<\/p>\n\n\n\n<p>Beauftragter f\u00fcr den\nDatenschutz<\/p>\n\n\n\n<p>Messegel\u00e4nde<\/p>\n\n\n\n<p>81823 M\u00fcnchen<\/p>\n\n\n\n<p>Deutschland<\/p>\n\n\n\n<p>Tel.: +49 89 949-20045<\/p>\n\n\n\n<p>Fax: +49 89 949-20069<\/p>\n\n\n\n<p>E-Mail: <a href=\"mailto:datenschutz@messe-muenchen.de\">datenschutz@messe-muenchen.de<\/a> <\/p>\n\n\n\n<p><strong>2. Was sind personenbezogene Daten? Wie sch\u00fctzen wir\npersonenbezogene Daten?<\/strong><\/p>\n\n\n\n<p>A. Personenbezogene\nDaten<\/p>\n\n\n\n<p>Personenbezogene Daten sind Einzelangaben \u00fcber pers\u00f6nliche oder sachliche\nVerh\u00e4ltnisse einer bestimmten oder bestimmbaren nat\u00fcrlichen Person. Darunter\nfallen Informationen wie z. B. Ihr Name, Ihre Post- oder E-Mail-Adresse sowie\nZugriffsdaten im Rahmen der Nutzung unserer Webseite und unserer weiteren\ndigitalen Inhalte und Produkte. Personenbezogene Daten werden von uns\nzus\u00e4tzlich zu den Zugriffsdaten nur dann gespeichert, wenn Sie uns diese\nfreiwillig, z.B. im Rahmen einer Registrierung, einer Umfrage, eines\nPreisausschreibens, einer Kontaktanfrage, einer Anmeldung zu einem Newsletter\noder zur Durchf\u00fchrung einer Onlinebestellung angeben. Personenbezogene Daten\nwerden zudem nur im erforderlichen Umfang und nur zu dem von Ihnen\neingewilligten bzw. rechtlich zul\u00e4ssigen Zweck verwendet. F\u00fcr die gesicherte\n\u00dcbertragung Ihrer Daten verwendet die Messe M\u00fcnchen GmbH in gesicherten\nBereichen Verschl\u00fcsselungsverfahren. Das hei\u00dft, dass die Kommunikation zwischen\nIhrem Browser bzw. Endger\u00e4t und z.B. unserem Bestellsystem f\u00fcr andere im\nInternet nicht lesbar ist. Die Nutzung unseres Bestellsystems gilt im \u00dcbrigen\nals Zustimmung zur Speicherung und Nutzung Ihrer Daten seitens der Messe\nM\u00fcnchen GmbH und ihrer Partner. Wir erheben von Ihnen Bildaufnahmen im Rahmen\nder Messe-Fotos und weitere personenbezogene Daten, die Sie uns im Zusammenhang\nmit den Messe-Fotos zur Verf\u00fcgung stellen (z.B. Name, Telefonnummer,\nE-Mail-Adresse, postalische Adresse).<\/p>\n\n\n\n<p>B. Zugriffsdaten<\/p>\n\n\n\n<p>Durch den Aufruf unserer Internetseiten erh\u00e4lt die Messe M\u00fcnchen GmbH\nZugriffsdaten, die f\u00fcr Sicherungszwecke gespeichert werden und grunds\u00e4tzlich\neine Identifizierung zulassen:<\/p>\n\n\n\n<ul><li>den Namen Ihres Internet Service Providers<\/li><li>das Land aus dem Sie kommen<\/li><li>die Webseite, von der aus Sie uns besuchen<\/li><li>den Suchbegriff, wenn Sie \u00fcber eine Suchmaschine zu unserer\nSeite kommen<\/li><li>die Webseiten, die Sie bei uns besuchen<\/li><li>das Nutzerwerkzeug (Webbrowser, Betriebssystem), mit denen\nSie zugegriffen haben Dateien, die Sie von unserer Seite heruntergeladen haben\n(z. B. PDF- oder Word-Dokumente)<\/li><li>die Dauer sowie<\/li><li>das Datum und die Uhrzeit des Besuches<\/li><\/ul>\n\n\n\n<p><strong>3. Was machen wir mit Ihren personenbezogenen Daten?<\/strong><\/p>\n\n\n\n<p>A. Wenn Sie unsere Webseite bzw.\nunser Kontaktformular nutzen<\/p>\n\n\n\n<p><strong>(1) Bereitstellung unserer\nWebseite<\/strong><strong><\/strong><\/p>\n\n\n\n<p>Die Bereitstellung dieser\nWebseite erfordert den Umgang mit personenbezogenen Daten, etwa der IP-Adresse\nf\u00fcr den Abruf der auf dieser Webseite dargestellten Inhalte.<\/p>\n\n\n\n<p>Diese Daten werden von der Messe\nM\u00fcnchen GmbH ausgewertet und erm\u00f6glichen uns, unsere Angebote insgesamt zu\noptimieren und die Inhalte konkret f\u00fcr Sie pers\u00f6nlicher zu gestalten, z. B. Sie\nals erneuten Besucher unseres Internetangebots zu erkennen. Verf\u00fcgen Sie \u00fcber\neinen bestehenden Datensatz, k\u00f6nnen die neuen Daten in vielen F\u00e4llen diesem\nzugeordnet werden. Die IP-Adresse des Rechners, von dem aus der Zugriff\nerfolgt, wird ausschlie\u00dflich zu Sicherungszwecken f\u00fcr die Dauer eines Monats\ngespeichert.<\/p>\n\n\n\n<p>JavaScript, ActiveX oder andere\nSteuerelemente und Scriptsprachen in Webseiten, die ausf\u00fchrende Elemente\nenthalten, k\u00f6nnen Sie \u00fcber Ihren Browser aus Sicherheitsgr\u00fcnden jederzeit\ndeaktivieren. Unsere Webseite bleibt auch ohne JavaScript navigierbar.<\/p>\n\n\n\n<p>Sie haben zudem die M\u00f6glichkeit,\n\u00fcber unser Kontaktformular mit uns in Verbindung zu treten. Wir erheben hierf\u00fcr\ndiejenigen personenbezogenen Daten, die Sie jeweils in das Kontaktformular\neintragen.<\/p>\n\n\n\n<p><strong>(2) Rechtsgrundlage<\/strong><strong><\/strong><\/p>\n\n\n\n<p>Der Umgang mit Ihren\npersonenbezogenen Daten zur Bereitstellung dieser Webseite und zur\nKommunikation \u00fcber diese Webseite erfolgt aufgrund unseres berechtigten\nInteresses. F\u00fcr die Bereitstellung dieser Webseite ist es technisch notwendig,\ndass wir bestimmte personenbezogene Daten verarbeiten (z.B. die IP-Adresse).\nF\u00fcr Ihre Kommunikation mit uns ist es notwendig, dass wir mit jeweiligen\npersonenbezogenen Daten umgehen.<\/p>\n\n\n\n<p><strong>(3) Interessenabw\u00e4gung<\/strong><strong><\/strong><\/p>\n\n\n\n<p>Im Rahmen der erforderlichen\nInteressenabw\u00e4gungen haben wir Ihr Interesse an der jeweiligen Geheimhaltung\nIhrer personenbezogenen Daten und unsere Interessen an der Bereitstellung\ndieser Webseite und der Kontaktaufnahme jeweils miteinander abgewogen. Ihr\nInteresse an der Geheimhaltung tritt dabei in beiden F\u00e4llen zur\u00fcck. Wir k\u00f6nnten\nIhnen gegen\u00fcber andernfalls diese Webseite nicht bereitstellen oder auf Ihre\nKontaktanfrage reagieren.<\/p>\n\n\n\n<p><strong>(4) Empf\u00e4ngerkategorien<\/strong><strong><\/strong><\/p>\n\n\n\n<p>Wir setzen Dienstleister zur\nBereitstellung unserer Webseite ein. Wir \u00fcbermitteln hierf\u00fcr personenbezogene\nDaten an diese Dienstleister. Diese Dienstleister sind von uns vertraglich\nverpflichtet, die gleiche Sorgfalt beim Umgang mit personenbezogenen Daten\nwalten zu lassen wie wir selbst.<\/p>\n\n\n\n<p>Diese Dienstleister unterliegen\ndenselben strengen datenschutzrechtlichen Bestimmungen und sind zudem in das\nDatenschutzkonzept der Messe M\u00fcnchen GmbH eingebunden.<\/p>\n\n\n\n<p>An staatliche Einrichtungen und\nBeh\u00f6rden werden personenbezogene Daten nur im Rahmen gesetzlicher oder\ngerichtlicher Verpflichtungen \u00fcbermittelt.<\/p>\n\n\n\n<p>B. Wenn Sie unsere\nSocial-Media-Angebote nutzen<\/p>\n\n\n\n<p><strong>(1) Facebook und andere Social\nMedia-Angebote<\/strong><strong><\/strong><\/p>\n\n\n\n<p>Sie haben die M\u00f6glichkeit, uns\nauf Facebook und auf anderen Social Media-Plattformen dritter Dienstleister\n(z.B. LinkedIn, XING) zu folgen. Wir gehen hierf\u00fcr mit denjenigen\npersonenbezogenen Daten um, die Sie uns jeweils zur Verf\u00fcgung stellen bzw.\nwelche uns von dem jeweiligen Plattformbetreiber \u00fcber Sie zur Verf\u00fcgung\ngestellt werden, soweit sie uns zur Verf\u00fcgung gestellt werden. Die\nEinstellungen zur Privatsph\u00e4re k\u00f6nnen Sie im Rahmen einer Social\nMedia-Plattform selbst steuern.<\/p>\n\n\n\n<p><strong>(1.1) Rechtsgrundlage<\/strong><strong><\/strong><\/p>\n\n\n\n<p>Unser Umgang mit Ihren\npersonenbezogenen Daten im Rahmen unserer Social Media-Angebote erfolgt\naufgrund unseres berechtigten Interesses gem. Art. 6 Abs. 1 f) DSGVO. F\u00fcr die\nBereitstellung unserer Social Media-Angebote ist es technisch notwendig, dass\nwir bestimmte personenbezogene Daten verarbeiten (z.B. die IP-Adresse;\npersonenbezogene Daten, die Sie dem jeweiligen Plattformbetreiber bzw. uns zur\nVerf\u00fcgung gestellt haben).<\/p>\n\n\n\n<p>Im Rahmen der erforderlichen\nInteressenabw\u00e4gungen haben wir Ihr Interesse an der jeweiligen Geheimhaltung\nIhrer personenbezogenen Daten und unsere Interessen an der Bereitstellung\nunserer Social Media-Angebote jeweils miteinander abgewogen. Ihr Interesse an\nder Geheimhaltung tritt dabei zur\u00fcck. Wir k\u00f6nnten Ihnen gegen\u00fcber andernfalls\nunserer Social Media-Angebote nicht anbieten.<\/p>\n\n\n\n<p><strong>(1.2) Empf\u00e4ngerkategorien<\/strong><strong><\/strong><\/p>\n\n\n\n<p>Wir setzen Dienstleister zur\nBereitstellung unserer Social Media-Angebote ein (z.B. Facebook, LinkedIn,\nXING). Die von Ihnen im Rahmen unserer Social Media-Angebote an uns\n\u00fcbermittelten Daten werden automatisch auch an den jeweiligen Social\nMedia-Plattformbetreiber \u00fcbermittelt.<\/p>\n\n\n\n<p><strong>(2) Wenn Sie unseren Blog nutzen<\/strong><strong><\/strong><\/p>\n\n\n\n<p>Sie k\u00f6nnen im Rahmen unserer\nWebseite Blog-Funktionen nutzen. Wir verarbeiten hierf\u00fcr diejenigen personenbezogenen\nDaten, die Sie uns jeweils zur Verf\u00fcgung stellen. Sie finden im Rahmen eines\nsolchen Blogs zus\u00e4tzliche Nutzungsbedingungen und weitere Informationen, soweit\nerforderlich.<\/p>\n\n\n\n<p><strong>(2.1) Rechtsgrundlage<\/strong><strong><\/strong><\/p>\n\n\n\n<p>Der Umgang mit Ihren personenbezogenen\nDaten zur Bereitstellung eines solchen Blogs erfolgt aufgrund unseres\nberechtigten Interesses. F\u00fcr die Nutzung der jeweiligen Blog-Funktion ist es\nnotwendig, dass wir bestimmte personenbezogene Daten verarbeiten (z.B. die\nIP-Adresse).<\/p>\n\n\n\n<p><strong>(2.2) Interessenabw\u00e4gung<\/strong><strong><\/strong><\/p>\n\n\n\n<p>Im Rahmen der erforderlichen\nInteressenabw\u00e4gungen haben wir Ihr Interesse an der jeweiligen Geheimhaltung\nIhrer personenbezogenen Daten und unsere Interessen an der Bereitstellung der\nBlog-Funktion jeweils miteinander abgewogen. Ihr Interesse an der Geheimhaltung\ntritt dabei zur\u00fcck. Wir k\u00f6nnten Ihnen gegen\u00fcber andernfalls die Blog-Funktion\nnicht bereitstellen.<\/p>\n\n\n\n<p><strong>(3) Wenn Sie unseren\nInstagram-Kanal nutzen<\/strong><strong><\/strong><\/p>\n\n\n\n<p><strong>(3.1) Community-Funktionen<\/strong><strong><\/strong><\/p>\n\n\n\n<p>Wir bieten auf unserem\nInstagram-Kanal verschiedene Community-Funktionen an, mit denen Sie mit anderen\nNutzern in Interaktion treten k\u00f6nnen.<\/p>\n\n\n\n<p>Wir weisen darauf hin, dass\ndiese Bereiche \u00f6ffentlich zug\u00e4nglich sind und s\u00e4mtliche pers\u00f6nlichen\nInformationen, die Sie darin einstellen oder bei der Anmeldung bereitstellen,\nvon anderen eingesehen werden k\u00f6nnen. Wir k\u00f6nnen nicht kontrollieren, wie\nandere Nutzer unseres Instagram-Kanals diese Informationen verwenden.\nInsbesondere k\u00f6nnen wir nicht verhindern, dass unerw\u00fcnschte Nachrichten an Sie\ngesendet werden.<\/p>\n\n\n\n<p>S\u00e4mtliche im Rahmen der\nCommunity-Funktionen eingegebenen Daten erheben wir, um Ihnen die\nCommunity-Funktionen bestimmungsgem\u00e4\u00df zur Verf\u00fcgung stellen zu k\u00f6nnen. Ohne\ndiese Daten sind wir nicht in der Lage, Ihnen die entsprechenden\nCommunity-Funktionen bereitzustellen. Die Verarbeitung dieser Daten erfolgt auf\nBasis gesetzlicher Vorschriften, die es uns gestatten, personenbezogene Daten\nzu verarbeiten, soweit es f\u00fcr die Nutzung eines Dienstes bzw. die Erf\u00fcllung\neines Vertrages erforderlich ist (\u00a7 15 Abs. 1 TMG; Art. 6 Abs. 1 lit. b\nDS-GVO), bzw. weil wir ein \u00fcberwiegendes berechtigtes Interesse daran haben,\ndie Nutzung des Angebots so leicht und effizient wie m\u00f6glich zu machen (Art. 6\nAbs. 1 lit. f DS-GVO). Sofern Sie weitere Informationen zur nach Art. 6 Abs. 1\nlit. f DS-GVO durchzuf\u00fchrenden Interessenabw\u00e4gung ben\u00f6tigen, kontaktieren Sie\nuns bitte unter den in dieser Datenschutzerkl\u00e4rung angegebenen Kontaktdaten.<\/p>\n\n\n\n<p>In Community-Bereichen\neingestellte Inhalte k\u00f6nnen f\u00fcr unbegrenzte Zeit gespeichert werden. Sofern Sie\nw\u00fcnschen, dass ein eingestellter Inhalt entfernt wird, kontaktieren Sie uns\nbitte unter den in dieser Datenschutzerkl\u00e4rung angegebenen Kontaktdaten.<\/p>\n\n\n\n<p><strong>(3.2) Veranstaltungseinladungen<\/strong><strong><\/strong><\/p>\n\n\n\n<p>Auf unserem Instagram-Kanal\nwerden gelegentlich Veranstaltungen bekanntgegeben, f\u00fcr die Sie sich unter\nUmst\u00e4nden anmelden m\u00fcssen. Wenn Sie sich f\u00fcr eine Veranstaltung anmelden,\nverarbeiten wir Ihre bei der Anmeldung angegebenen personenbezogenen Daten, wie\nName und Anschrift, sowie Kontakt- und Kommunikationsdaten wie Telefonnummer\nund E-Mail-Adresse und gegebenenfalls die weiteren von Ihnen zur Verf\u00fcgung\ngestellten Informationen zur Durchf\u00fchrung der jeweiligen Veranstaltung (etwa\nzur Erstellung der G\u00e4steliste, Akkreditierung und Einlasskontrolle, Raum- und\nPersonalplanung sowie die Planung des Caterings) sowie um Ihnen Ihre Einladung\nsowie Benachrichtigungen zu der jeweiligen Veranstaltung zukommen zu lassen;\nferner verwenden wir diese Informationen m\u00f6glicherweise zur\nMissbrauchserkennung und Rechtsverteidigung.<\/p>\n\n\n\n<p>Die Verarbeitung der Daten\nerfolgt auf Basis gesetzlicher Vorschriften, die die Datenverarbeitung\nzulassen, weil sie f\u00fcr die Durchf\u00fchrung des Anmeldeprozesses sowie Ihrer\nTeilnahme an der jeweiligen Veranstaltung erforderlich ist (Art. 6 Abs. 1 lit.\nb DS-GVO) bzw. da wir ein berechtigtes Interesse an der Verhinderung von Betrug\nund ggf. einer effektiven Rechtsverteidigung haben (Art. 6 Abs. 1 lit. f\nDS-GVO). Sofern Sie weitere Informationen zur nach Art. 6 Abs. 1 lit. f DS-GVO\ndurchzuf\u00fchrenden Interessenabw\u00e4gung ben\u00f6tigen, kontaktieren Sie uns bitte unter\nden in dieser Datenschutzerkl\u00e4rung angegebenen Kontaktdaten.<\/p>\n\n\n\n<p><strong>(3.3) Empf\u00e4ngerkategorien<\/strong><strong><\/strong><\/p>\n\n\n\n<p>Eine Weitergabe Ihrer\npersonenbezogenen Daten erfolgt an Instagram, um das Betreiben unseres\nInstagram-Kanals zu erm\u00f6glichen. Die Weitergabe Ihrer Daten basiert insofern\nauf Art. 6 Abs. 1 lit. b DS-GVO, da diese erforderlich ist, um Ihnen die\nNutzung unseres Instagram-Kanals zu erm\u00f6glichen.<\/p>\n\n\n\n<p>C. Wenn Sie unseren Newsletter\nbestellen<\/p>\n\n\n\n<p><strong>(1) Newsletter-Bestellung<\/strong><strong><\/strong><\/p>\n\n\n\n<p>Sie k\u00f6nnen sich auf unserer Webseite f\u00fcr\nunsere Newsletter registrieren, indem Sie die entsprechende Einwilligung\nerteilen. Wir erheben hierf\u00fcr diejenigen personenbezogenen Daten, die Sie\njeweils in das Registrierungsformular eintragen. Ferner analysieren wir das Nutzungsverhalten, um unsere Newsletter noch\nzielgruppenorientierter ausgestalten zu k\u00f6nnen. <\/p>\n\n\n\n<p><strong>(2) Rechtsgrundlage<\/strong><strong><\/strong><\/p>\n\n\n\n<p>Ihre Einwilligung ist die Rechtsgrundlage f\u00fcr das\nAbonnement des jeweiligen Newsletters. Sie k\u00f6nnen Ihre Einwilligung jederzeit\nmit Wirkung f\u00fcr die Zukunft widerrufen.<\/p>\n\n\n\n<p>Rechtsgrundlage f\u00fcr die Auswertung des Nutzungsverhaltens\nist das berechtigte Interesse der Messe M\u00fcnchen GmbH an adressatengerecht\nausgestalteten Newslettern. Dieses deckt sich mit dem Interesse der Empf\u00e4nger,\nm\u00f6glichst nur solche Informationen zu erhalten, die auch von Interesse f\u00fcr sie\nsind. Ihre Rechte und Freiheiten wurden mit diesem Interesse abgewogen und\ntreten hierbei zur\u00fcck. Sie k\u00f6nnen der Analyse des Nutzungsverhaltens durch eine\nE-Mail an folgende Adresse jederzeit widersprechen: <a href=\"mailto:datenschutz@messe-muenchen.de\">datenschutz@messe-muenchen.de<\/a><\/p>\n\n\n\n<p><strong>(3) Empf\u00e4ngerkategorien<\/strong><strong><\/strong><\/p>\n\n\n\n<p>Wir setzen Dienstleister zum Versand unseres Newsletters ein. Wir\n\u00fcbermitteln hierf\u00fcr personenbezogene Daten an diese Dienstleister. Diese Dienstleister\nsind von uns vertraglich verpflichtet, die gleiche Sorgfalt beim Umgang mit\npersonenbezogenen Daten walten zu lassen wie wir selbst.<\/p>\n\n\n\n<p>D. Wenn Sie sich online bei uns\nbewerben<\/p>\n\n\n\n<p><strong>(1) Online Bewerbung<\/strong><strong><\/strong><\/p>\n\n\n\n<p>Sie k\u00f6nnen sich \u00fcber unser\nKarriereportal bei uns online bewerben. Sie k\u00f6nnen sich hierf\u00fcr zun\u00e4chst f\u00fcr\nunser Karriereportal registrieren. Dies ist jedoch keine zwingende\nVoraussetzung f\u00fcr Ihre Bewerbung. Wenn Sie sich f\u00fcr unser Karriereportal\nregistrieren, dann werden hierf\u00fcr diejenigen personenbezogenen Daten\nverarbeitet, die Sie jeweils in das Registrierungsformular eintragen.<\/p>\n\n\n\n<p>Grunds\u00e4tzlich werden diejenigen\npersonenbezogenen Daten verarbeitet, die Sie mit oder ohne Registrierung\njeweils angeben und welche Sie uns im Rahmen Ihrer Bewerbung zur Verf\u00fcgung\nstellen, z.B. Ihre Bewerbungsunterlagen.<\/p>\n\n\n\n<p><strong>(2) Rechtsgrundlage<\/strong><strong><\/strong><\/p>\n\n\n\n<p>(a) Die Verarbeitung Ihrer\npersonenbezogenen Daten im Rahmen des Karriereportals erfolgt zur Anbahnung,\nDurchf\u00fchrung und Abwicklung des entsprechenden Nutzungsvertrages.<\/p>\n\n\n\n<p>(b) Die Verarbeitung Ihrer\npersonenbezogenen Daten im Rahmen Ihrer Bewerbung erfolgt zur Anbahnung des\nArbeitsvertrages gem. Art. 6 Abs. 1 b) DSGVO in Verbindung mit \u00a7 26 BDSG.<\/p>\n\n\n\n<p>(c) Die Verarbeitung Ihrer\nBewerbung f\u00fcr einen l\u00e4ngeren Zeitraum erfolgt nur, wenn Sie uns Ihre\nentsprechende Einwilligung erteilen. Sie k\u00f6nnen Ihre Einwilligung jederzeit mit\nWirkung f\u00fcr die Zukunft widerrufen.<\/p>\n\n\n\n<p><strong>(3) Empf\u00e4ngerkategorien<\/strong><strong><\/strong><\/p>\n\n\n\n<p>Wir \u00fcbermitteln im Rahmen von\nBewerbungsverfahren personenbezogene Daten an Dienstleister im Rahmen der\nLeistungserbringung. Eine \u00dcberpr\u00fcfung Ihrer Unterlagen f\u00fcr andere offene\nStellen der Messe M\u00fcnchen GmbH oder eine \u00dcbermittlung an andere Unternehmen\nunserer Unternehmensgruppe erfolgt nur, wenn Sie uns hierf\u00fcr Ihre entsprechende\nEinwilligung erteilen. Sie k\u00f6nnen Ihre Einwilligung jederzeit mit Wirkung f\u00fcr\ndie Zukunft widerrufen.<\/p>\n\n\n\n<p><strong>(4) L\u00f6schfristen<\/strong><strong><\/strong><\/p>\n\n\n\n<p>Sofern keine weitere Speicherung\nIhrer Bewerbungsdaten zul\u00e4ssig ist, erfolgt eine L\u00f6schung nach 6 Monaten.<\/p>\n\n\n\n<p>E. Wenn Sie unser ISPO Digitize\nSummit Portal nutzen<\/p>\n\n\n\n<p><strong>(1) Bereitstellung des ISPO\nDigitize Summit Portal<\/strong><strong><\/strong><\/p>\n\n\n\n<p>Wenn Sie als Besucher, Vertreter\nder Presse, Aussteller, Partner, Sponsoren oder Speaker unser ISPO Digitize\nSummit Portal unter https:\/\/ispo-digitize.converve.io nutzen oder im damit\nverbundenen Ticketshop bestellen m\u00f6chten, so ist es unter Umst\u00e4nden\nerforderlich, dass Sie Ihre personenbezogenen Daten angeben, etwa wenn Sie sich\nbei unserem Portal anmelden oder eine Bestellung aufgeben. Die f\u00fcr die\nAbwicklung der Anmeldung zum Portal oder einer Bestellung von Tickets\nnotwendigen Pflichtangaben sind zwingend, weitere Angaben im Rahmen des Portals\nsind freiwillig. Die von Ihnen angegebenen Daten verarbeiten wir\nausschlie\u00dflich, um Ihnen die Dienste unseres ISPO Digitize Summit Portals\nanbieten zu k\u00f6nnen.<\/p>\n\n\n\n<p>Im ISPO Digitize Summit Portal\nbieten wir Ihnen die folgenden Leistungen an:<\/p>\n\n\n\n<ul><li>Registrierung f\u00fcr das ISPO Digitize Summit Portal<\/li><li>Abwicklung Ihrer Ticketbestellung f\u00fcr den ISPO Digitize Summit<\/li><li>Anlage eines Profils zur Nutzung der Portalfunktionen, wie etwa\nBuchung von Workshops, Nutzung der Nachrichtenfunktion, etc.<\/li><li>Anmeldung zu sog. Match Up Sessions<\/li><li>Erstellung von individuellen Veranstaltungsprogrammen<\/li><li>Erhalt von personalisierten Mitteilungen zu\nVeranstaltungsvorschl\u00e4gen<\/li><li>Bereitstellung von Networking-Funktionen und anderen M\u00f6glichkeiten\nder Kontaktaufnahme mit anderen Teilnehmern des ISPO Digitize Summit<\/li><li>Soweit Sie unser Portal nutzen m\u00f6chten, m\u00fcssen Sie sich durch\nAngabe Ihrer E-Mail-Adresse und eines frei gew\u00e4hlten Passworts registrieren.<\/li><\/ul>\n\n\n\n<p><strong>(2) Rechtsgrundlage<\/strong><strong><\/strong><\/p>\n\n\n\n<p>Wenn Sie unser Portal nutzen,\nspeichern wir Ihre zur Vertragserf\u00fcllung erforderlichen Daten, bis Sie Ihren\nZugang endg\u00fcltig l\u00f6schen. Die Verarbeitung dieser Daten erfolgt auf Basis\ngesetzlicher Vorschriften, die es uns gestatten, personenbezogene Daten zu\nverarbeiten, soweit es f\u00fcr die Nutzung eines Dienstes bzw. die Erf\u00fcllung eines\nVertrages erforderlich ist (\u00a7 15 Abs. 1 TMG; Art. 6 Abs. 1 lit. b DS-GVO).<\/p>\n\n\n\n<p>Weiterhin speichern wir die von\nIhnen angegebenen freiwilligen Daten f\u00fcr die Zeit Ihrer Nutzung des Portals,\nsoweit Sie diese nicht zuvor l\u00f6schen. Alle Angaben zum Networking-Profil k\u00f6nnen\nSie im gesch\u00fctzten Kundenbereich verwalten und \u00e4ndern. Rechtsgrundlage ist\ninsoweit unser \u00fcberwiegendes berechtigtes Interesse an der Nutzung der Daten,\ndie Sie uns freiwillig zur Verf\u00fcgung stellen (Art. 6 Abs. 1 S. 1 lit. f\nDS-GVO).<\/p>\n\n\n\n<p>Wenn Sie in unserem Ticketshop\nim ISPO Digitize Summit Portal bestellen m\u00f6chten, ist es f\u00fcr den\nVertragsabschluss erforderlich, dass Sie Ihre personenbezogenen Daten angeben,\ndie wir f\u00fcr die Abwicklung Ihrer Bestellung ben\u00f6tigen. Die von Ihnen angegebenen\nDaten verarbeiten wir ausschlie\u00dflich zur Abwicklung Ihrer Bestellung.\nRechtsgrundlage hierf\u00fcr ist Art. 6 Abs. 1 S. 1 lit. b DS-GVO.<\/p>\n\n\n\n<p>Wenn Sie bei uns im Ticketshop\neine Bestellung vornehmen, werden wir Ihnen in Zukunft Informations-E-Mails f\u00fcr\n\u00e4hnliche Angebote zusenden. Sie k\u00f6nnen jederzeit verlangen, keine solchen\nInformations-E-Mails mehr von uns zu erhalten. Wenden Sie sich dazu bitte per\nE-Mail an datenschutz@messe-muenchen.de oder klicken Sie auf den Link am Ende\nder Informations-E-Mails. Dabei entstehen Ihnen keine anderen als die\n\u00dcbermittlungskosten nach den Basistarifen. Rechtsgrundlage ist insoweit unser\n\u00fcberwiegendes berechtigtes Interesse, Ihnen Informations-E-Mails mit f\u00fcr Sie\ninteressanten Neuigkeiten zu schicken, solange Sie dies w\u00fcnschen (Art.6 Abs. 1\nS. 1 lit. f DS-GVO). Sofern Sie weitere Informationen zur nach Art. 6 Abs. 1\nlit. f DS-GVO durchzuf\u00fchrenden Interessenabw\u00e4gung ben\u00f6tigen, kontaktieren Sie\nuns bitte unter den in dieser Datenschutzerkl\u00e4rung angegebenen Kontaktdaten.<\/p>\n\n\n\n<p>Wir bieten auf unserem Portal\nverschiedene Networking-Funktionen an, \u00fcber die Sie mit anderen Teilnehmern des\nISPO Digitize Summit in Interaktion treten k\u00f6nnen, wie etwa durch den Austausch\nvon Nachrichten. Wenn Sie diese Funktionen nutzen, beachten Sie bitte, dass wir\ndann nicht verhindern k\u00f6nnen, dass dabei m\u00f6glicherweise unerw\u00fcnschte\nNachrichten an Sie gesendet werden.<\/p>\n\n\n\n<p>Weiterhin haben Sie die\nM\u00f6glichkeit, ein Networking-Profil anzulegen und dabei ihre\nInteressensschwerpunkte zu nennen. \u00dcber die sog. Matchmaking-Funktion k\u00f6nnen\nSie dann mit anderen Teilnehmern in Kontakt treten. Zus\u00e4tzlich besteht die\nM\u00f6glichkeit, abgestimmt auf die eigenen Interessen, Veranstaltungshinweise zu\nerhalten, sich ein individuelles Veranstaltungsprogramm zu erstellen oder sich\nf\u00fcr sog. Match Up Sessions anzumelden. S\u00e4mtliche von Ihnen im Rahmen dieser\nPortal-Funktionen freiwillig angegebenen Daten nutzen wir ausschlie\u00dflich dazu,\nIhnen die genannten Portal-Funktionen bestimmungsgem\u00e4\u00df zur Verf\u00fcgung stellen zu\nk\u00f6nnen. Ohne diese Daten sind wir nicht in der Lage, Ihnen unser entsprechendes\nAngebot bereitzustellen.<\/p>\n\n\n\n<p>Die Verarbeitung Ihrer\npersonenbezogenen Daten erfolgt zur Erf\u00fcllung des Vertrags zur Bereitstellung\nder Networking-Funktionen. Rechtsgrundlage hierf\u00fcr ist Art. 6 Abs. 1 S. 1 lit.\nb DS-GVO. Mit Beendigung dieses Vertragsverh\u00e4ltnisses beruht die Verarbeitung\nIhrer personenbezogenen Daten auf unseren berechtigten Interessen.\nRechtsgrundlage hierf\u00fcr ist Art. 6 Abs. 1 S. 1 lit. f DS-GVO.<\/p>\n\n\n\n<p><strong>(3) Interessenabw\u00e4gung<\/strong><strong><\/strong><\/p>\n\n\n\n<p>Im Rahmen der erforderlichen\nInteressenabw\u00e4gungen haben wir Ihr Interesse an der jeweiligen Geheimhaltung\nIhrer personenbezogenen Daten und unsere Interessen an der Bereitstellung der\nNetworking-Funktionen jeweils miteinander abgewogen. Ihr Interesse an der\nGeheimhaltung tritt dabei zur\u00fcck. Wir k\u00f6nnten Ihnen gegen\u00fcber andernfalls die\nNetworking-Funktionen nicht bereitstellen.<\/p>\n\n\n\n<p><strong>(4) Empf\u00e4ngerkategorien<\/strong><strong><\/strong><\/p>\n\n\n\n<p>Unser ISPO Digitize Summit\nPortal wird von einem externen Dienstleister betrieben, der zu diesem Zweck\nauch Zugriff auf die \u00fcber das Portal erhobenen Daten hat. Dieser Dienstleister\nhat nur Zugang zu den Daten, die er zur Erf\u00fcllung seiner von der Messe M\u00fcnchen\nvorgegebenen Aufgaben ben\u00f6tigt. Er ist vertraglich verpflichtet, die Daten\nnicht zu anderen, insbesondere nicht zu eigenen Zwecken zu verwenden und muss\ndie Daten &#8211; wie in diesen Datenschutzhinweisen sowie den einschl\u00e4gigen\nDatenschutzgesetzen vorgesehen \u2013 sch\u00fctzen.<\/p>\n\n\n\n<p>F. Wenn Sie sich\nf\u00fcr eine Teilnahme am ISPO SDG Summit entscheiden<\/p>\n\n\n\n<p>Falls Sie sich f\u00fcr eine\nTeilnahme am ISPO SDG Summit entscheiden, verarbeiten wir die Daten, die Sie\nuns im Rahmen der Registrierung zur Verf\u00fcgung stellen, zur Bereitstellung eines\nZugangstickets f\u00fcr die Veranstaltung. Rechtsgrundlage ist Art. 6 Abs. 1 lit b\nDSGVO (\u201eVertragserf\u00fcllung\u201c).<\/p>\n\n\n\n<p>Ferner verarbeiten wir\nIhre personenbezogenen Daten auf Grundlage von Art. 6 Abs. 1 lit f DSGVO\n(\u201eberechtigte Interessen\u201c), um Sie in eine geeignete Arbeitsgruppe im Rahmen\ndes ISPO SDG Summit einzuteilen und um Sie (i.V.m. \u00a77 UWG) \u00fcber inhaltlich\nverwandte Veranstaltungen und Angebote der Messe M\u00fcnchen zu informieren. Ihre\nRechte und Freiheiten wurden mit diesen Interessen abgewogen und treten hierbei\nzur\u00fcck. Sie k\u00f6nnen der Verarbeitung Ihrer personenbezogenen Daten zu werblichen\nZwecken jederzeit per E-Mail an <a href=\"mailto:datenschutz@messe-muenchen.de\">datenschutz@messe-muenchen.de<\/a> widersprechen.<\/p>\n\n\n\n<p>Sollten Sie eine\nReiseorganisation f\u00fcr das Event durch die Messe M\u00fcnchen w\u00fcnschen, k\u00f6nnen Sie\nuns hierf\u00fcr Ihre Einwilligung gem. Art. 6 Abs. 1 lit a DSGVO erteilen. Diese\nEinwilligung ist freiwillig und kann jederzeit mit Wirkung f\u00fcr die Zukunft\nwiderrufen werden. Gleiches gilt, falls Sie an einem Matchmaking mit anderen\nTeilnehmern des Summits interessiert sein sollten und Sie zu diesem Zweck mit\neiner Offenlegung Ihrer Antworten in der Besucherbefragung f\u00fcr die anderen\nTeilnehmer im geschlossenen Besucherbereich einverstanden sein sollten.<\/p>\n\n\n\n<p>Wir arbeiten im Rahmen\ndes ISPO SDG Summit mit Partnern zusammen, die als Auftragsverarbeiter gem.\nArt. 28 DSGVO dazu verpflichtet sind, Ihre personenbezogenen Daten nur f\u00fcr o.g.\nZwecke und ausschlie\u00dflich im Auftrag der Messe M\u00fcnchen GmbH zu verarbeiten.\nEine Weitergabe Ihrer Daten an Dritte oder in ein Drittland erfolgen nicht.<\/p>\n\n\n\n<p>Wir verarbeiten Ihre\nDaten bis die o.g. Zwecke entfallen sind bzw. solange die gesetzlichen\nAufbewahrungsfristen hierf\u00fcr noch nicht abgelaufen sind.<\/p>\n\n\n\n<p>G. Wenn Sie unseren\nICM-Konfigurator auf icm-muenchen.live nutzen<\/p>\n\n\n\n<p><strong>(1) Zweck und Rechtsgrundlage<\/strong><strong><\/strong><\/p>\n\n\n\n<p>Um Ihnen einen virtuellen\nRundgang durch das ICM anbieten zu k\u00f6nnen, werden Ihre IP-Adresse sowie\nbegleitende technische Informationen (u.a. Uhrzeit, Sprache des Ger\u00e4ts,\nBetriebssystem, Browserversion) erfasst. Ziel ist es, Ihnen online einen\nm\u00f6glichst realit\u00e4tsgetreuen Eindruck von den R\u00e4umlichkeiten des ICM vor Ort zu\nvermitteln, damit Sie entscheiden k\u00f6nnen, ob das ICM eine geeignete Location\nf\u00fcr Ihre Veranstaltung darstellt.<\/p>\n\n\n\n<p>Rechtsgrundlage f\u00fcr die\nVerarbeitung der o.g. personenbezogenen Daten ist Art. 6 Abs. 1 lit. b DSG-VO\n(\u201evorvertragliche Ma\u00dfnahmen\u201c). Sollten Sie sich nur einen Eindruck vom ICM ohne\npotenzielle Zusammenarbeit verschaffen wollen, ist die Rechtsgrundlage f\u00fcr die\nVerarbeitung Ihrer Daten das berechtigte Interesse der Messe M\u00fcnchen GmbH an\nder realit\u00e4tsgetreuen Darstellung ihres Gel\u00e4ndes gem. Art. 6 Abs. 1 lit. f\nDSGVO. Ihre Rechte und Freiheiten werden in diesem Zusammenhang angemessen\nber\u00fccksichtigt.<\/p>\n\n\n\n<p>Manche Elemente des Konfigurators\nwerden mithilfe externer Technologiepartner realisiert. Sollte eines der\nAngebote die \u00dcbermittlung personenbezogener Daten an Dritte erfordern, holen\nwir hierf\u00fcr vorab Ihre Einwilligung gem. Art. 6 Abs. 1 lit. a DSGVO ein (siehe\nPunkt 2, Empf\u00e4ngerkategorien).<\/p>\n\n\n\n<p><strong>(2) Empf\u00e4ngerkategorien<\/strong><strong><\/strong><\/p>\n\n\n\n<p>Die o.g. personenbezogenen Daten\nwerden im Rahmen der Bereitstellung des ICM-Konfigurators an einen\nAuftragsverarbeiter gem. Art. 28 DSGVO \u00fcbermittelt.<\/p>\n\n\n\n<p>Einige Aspekte des Konfigurators\nwerden dar\u00fcber hinaus mithilfe des Partners Matterport, Inc., 352 E. Java Dr.,\nSunnyvale, CA 94089, USA bereitgestellt. Sollte eines der Angebote die\n\u00dcbermittlung personenbezogener Daten an dieses Unternehmen erfordern, holen wir\nhierf\u00fcr vorab Ihre Einwilligung gem. Art. 6 Abs. 1 lit. a DSGVO ein. Die\nDatenschutzhinweise von Matterport finden Sie <a href=\"https:\/\/matterport.com\/legal\/privacy-policy\/\" target=\"_blank\" rel=\"noreferrer noopener\">hier<\/a>.<\/p>\n\n\n\n<p>H. Wenn Sie unser Mitgliederportal auf\nFrauen-Verbinden.de nutzen<\/p>\n\n\n\n<h4 class=\"wp-block-heading\">&nbsp;<\/h4>\n\n\n\n<p><strong>(1) Zwecke und Rechtsgrundlage<\/strong><strong><\/strong><\/p>\n\n\n\n<p>Wenn Sie ein Mitglied des\nNetzwerks sind und der Ver\u00f6ffentlichung Ihres pers\u00f6nlichen Steckbriefs\nzugestimmt haben, so erscheint dieser im gesch\u00fctzten Mitgliederbereich. Zweck\nder Ver\u00f6ffentlichung ist es, den Mitgliedern der Initiative die Kontaktaufnahme\nuntereinander zu erleichtern. Grundlage f\u00fcr diese Ver\u00f6ffentlichung ist Ihre\nEinwilligung gem. Art. 6 Abs. 1 lit. a DSGVO.<\/p>\n\n\n\n<p>Die Daten im Mitgliederbereich\nsind nur anderen eingeloggten Mitgliedern der Initiative zug\u00e4nglich. Sie k\u00f6nnen\nIhren pers\u00f6nlichen Steckbrief per E-Mail an <a href=\"mailto:info@frauen-verbinden.de\">info@frauen-verbinden.de<\/a> jederzeit l\u00f6schen lassen\nund Ihre Einwilligung damit widerrufen.<\/p>\n\n\n\n<p>Dar\u00fcber hinaus informiert Sie die\nMesse M\u00fcnchen GmbH \u00fcber ausgew\u00e4hlte Veranstaltungen, die f\u00fcr die Mitglieder des\nNetzwerks von Relevanz sein k\u00f6nnten. Rechtsgrundlage hierf\u00fcr ist das\nberechtigte Interesse der Messe M\u00fcnchen GmbH gem. Art. 6 Abs. 1 lit. f DSGVO,\nden Mitgliedern des Netzwerks f\u00fcr sie interessante Veranstaltungen anzubieten.\nHierbei werden Ihre Rechte und Freiheiten angemessen ber\u00fccksichtigt. Sie k\u00f6nnen\nden Einladungen f\u00fcr diese Veranstaltungen jederzeit per E-Mail an <a href=\"mailto:info@frauen-verbinden.de\">info@frauen-verbinden.de<\/a> widersprechen.<\/p>\n\n\n\n<p>Wenn Sie das Matchmaking-Angebot\nvon Frauen Verbinden nutzen, werden die hierf\u00fcr von Ihnen gemachten Angaben vom\nAuftragsverarbeiter <a href=\"https:\/\/www.chemistree.de\/de\/impressum\" target=\"_blank\" rel=\"noreferrer noopener\">Chemistree\nGmbH<\/a> gem. Art. 28 DSGVO verarbeitet. Die Verarbeitung Ihrer\npersonenbezogenen Daten erfolgt ausschlie\u00dflich f\u00fcr die Zwecke von Frauen\nVerbinden. Rechtsgrundlage ist das berechtigte Interesse der Messe M\u00fcnchen\nGmbH, den registrierten Mitgliedern von Frauen Verbinden f\u00fcr sie interessante\nKontakte innerhalb des Netzwerks empfehlen zu k\u00f6nnen. Hierbei werden Ihre\nRechte und Freiheiten angemessen ber\u00fccksichtigt. Weitere Informationen zum\nMatchmaking bei Chemistree finden Sie <a href=\"https:\/\/www.chemistree.de\/de\/datenschutz-2\" target=\"_blank\" rel=\"noreferrer noopener\">hier<\/a>. Sie\nk\u00f6nnen gegen die Verarbeitung Ihrer Daten zu diesem Zweck jederzeit Widerspruch\neinlegen oder eine L\u00f6schung verlangen. Schreiben Sie hierf\u00fcr einfach eine\nE-Mail an <a href=\"mailto:info@frauen-verbinden.de\">info@frauen-verbinden.de<\/a>.<\/p>\n\n\n\n<p><strong>(2) Empf\u00e4ngerkategorien<\/strong><strong><\/strong><\/p>\n\n\n\n<p>Die Messe M\u00fcnchen GmbH\n\u00fcbermittelt die personenbezogenen Daten aus dem Mitgliederportal nicht an\nDritte, sondern ausschlie\u00dflich an Auftragsverarbeiter, sofern dies zur\nBereitstellung der o.g. Angebote notwendig ist.<\/p>\n\n\n\n<p><strong>(3) L\u00f6schung Ihrer Daten<\/strong><strong><\/strong><\/p>\n\n\n\n<p>Solange Sie Mitglied\nder Initiative sind, werden Ihre personenbezogenen Daten f\u00fcr die oben genannten\nZwecke gespeichert. Nach Ihrem Ausscheiden werden die Daten unverz\u00fcglich\ngel\u00f6scht.<\/p>\n\n\n\n<p>I. Wenn Sie in Ihrem Browser die\nNutzung von Cookies und Analysetools zulassen<\/p>\n\n\n\n<p><strong>(1) Allgemeine Informationen zu\nCookies<\/strong><strong><\/strong><\/p>\n\n\n\n<p>Cookies sind kleine\nTextdateien, die weltweit und in Deutschland von vielen Webseiten verwendet\nwerden. Cookies werden w\u00e4hrend Ihres Besuchs auf unserer Webseite erstellt und\nvon unserem Server auf Ihrer Festplatte abgelegt. Unsere Cookies enthalten\nkeine personenspezifischen Informationen. Von unseren Servern abgelegte Cookies\nk\u00f6nnen zudem auch nur wieder von uns und keiner fremden Webseite gelesen\nwerden. Die meisten Browser sind so eingestellt, dass sie Cookies automatisch\nakzeptieren. Wenn Sie die Vorteile von Cookies nicht n\u00fctzen m\u00f6chten, k\u00f6nnen Sie\ndiese Funktion in Ihrem Browser deaktivieren. Bitte beachten Sie hierzu die\nindividuellen Einstellungsm\u00f6glichkeiten Ihres Browsers. Nat\u00fcrlich k\u00f6nnen Sie\nunsere Webseite auch ohne Cookies betrachten. Dies kann aber zu\nFunktionseinschr\u00e4nkungen unserer Angebote f\u00fchren.<\/p>\n\n\n\n<p><strong>(2) Rechtsgrundlage<\/strong><strong><\/strong><\/p>\n\n\n\n<p>Die Rechtsgrundlage\nf\u00fcr unseren Umgang mit Ihren personenbezogenen Daten zur Bereitstellung unserer\nWebseite ist jeweils unser berechtigtes Interesse. Im Rahmen der erforderlichen\nInteressenabw\u00e4gungen haben wir jeweils Ihr Interesse an der Geheimhaltung Ihrer\npersonenbezogenen Daten und unser Interesse an der Bereitstellung dieser\nWebseite (einschlie\u00dflich ihrer Funktionen) miteinander abgewogen. Ihr Interesse\nan der Geheimhaltung tritt dabei jeweils zur\u00fcck.<\/p>\n\n\n\n<p><strong>(3) Conversion-Tracking unter\nEinsatz von Drittanbietern<\/strong><strong><\/strong><\/p>\n\n\n\n<p>Auf dieser Webseite\nwerden f\u00fcr Analysezwecke Tools von Drittanbietern eingesetzt. Diese Tools\nmessen die Effektivit\u00e4t, mit der Nutzer durch Werbeanzeigen angesprochen werden\n(sog. \u201eConversion-Tracking\u201c).<\/p>\n\n\n\n<p>Wenn Sie auf\nWerbeanzeigen eines im Folgenden genannten Drittanbieters klicken, wird ein\nCookie f\u00fcr das Conversion-Tracking auf Ihrem Rechner abgelegt. Besuchen Sie nun\neine bestimmte Internetseite, k\u00f6nnen der Drittanbieter und wir erkennen, dass\nSie auf die Anzeige geklickt haben und zu dieser Seite weitergeleitet wurden.\nDies erm\u00f6glicht uns die Erhebung von Daten, die f\u00fcr unsere Werbema\u00dfnahmen von\nBedeutung sind. Wir erfahren ggf. die Gesamtanzahl der Nutzer, die auf eine\nWerbeanzeige geklickt haben, die Besuchsdauer, das Betriebssystem, das\nGer\u00e4temodell, den Standort, durchgef\u00fchrte Bezahlvorg\u00e4nge und in welchem\nFunktionsumfang mobile Apps benutzt wurden. Es werden uns hierbei keine\npers\u00f6nlichen Informationen zur Identit\u00e4t des Nutzers mitgeteilt.<\/p>\n\n\n\n<p>Wenn Sie an diesem\nConversion-Tracking-Verfahren nicht teilnehmen m\u00f6chten, k\u00f6nnen Sie das hierf\u00fcr\nerforderliche Setzen eines Cookies ablehnen \u2013 etwa per Browser-Einstellung, die\ndas automatische Setzen von Cookies generell deaktiviert. Nutzen Sie daf\u00fcr z.B.\ndie \u201eDo not track\u201c-Option (\u201eDNT\u201c) Ihres Internetbrowsers.<\/p>\n\n\n\n<p>Mit folgenden\nDrittanbietern arbeiten wir im Rahmen des Conversion-Trackings zusammen:<\/p>\n\n\n\n<ul><li><strong>bing Ads Conversion Pixel<\/strong><br>\nWeitere Informationen zu Datenschutz und Cookies der Microsoft Corporation, One\nMicrosoft Way, Redmond, WA 98052-6399, USA, finden Sie <a href=\"https:\/\/privacy.microsoft.com\/de-de\/privacystatement\" target=\"_blank\" rel=\"noreferrer noopener\">hier<\/a>.<\/li><li><strong>Ligatus Conversion Pixel<\/strong><br>\nWeitere Informationen zu Datenschutz und Cookies der Ligatus GmbH,\nHohenstaufenring 30-32, 50674 K\u00f6ln, finden Sie <a href=\"https:\/\/www.ligatus.com\/de\/privacy-policy\" target=\"_blank\" rel=\"noreferrer noopener\">hier<\/a>.<\/li><li><strong>etracker<\/strong><br>\nWeitere Informationen zu Datenschutz und Cookies der etracker GmbH, Erste\nBrunnenstra\u00dfe 1, 20459 Hamburg, finden Sie <a href=\"https:\/\/www.etracker.com\/datenschutz\/\" target=\"_blank\" rel=\"noreferrer noopener\">hier<\/a>. Der Datenerhebung und\n-speicherung im Rahmen von etracker kann jederzeit mit Wirkung f\u00fcr die Zukunft <a href=\"https:\/\/www.etracker.de\/privacy?et=\" target=\"_blank\" rel=\"noreferrer noopener\">widersprochen<\/a> werden.<\/li><li><strong>Outbrain Conversion Pixel<\/strong><br>\nWeitere Informationen zu Datenschutz und Cookies der Outbrain Inc., 39 West\n13th Street, 3rd floor, New York, NY 10011, USA, finden Sie&nbsp;<a href=\"https:\/\/www.outbrain.com\/legal\/privacy\" target=\"_blank\" rel=\"noreferrer noopener\">hier<\/a>.<\/li><li><strong>\u201eDoubleClick by Google\u201c (Accuen\nConversion Pixel) \/ Google Adwords Conversion Pixel<\/strong><br>\n\u201eDoubleClick by Google\u201c ist eine Dienstleistung von Google Inc., 1600\nAmphitheatre Parkway, Mountain View, CA 94043, USA (\u201eGoogle\u201c). \u201eDoubleClick by Google\u201c\nverwendet Cookies, um Ihnen f\u00fcr Sie relevante Werbeanzeigen zu pr\u00e4sentieren.\nDabei wird Ihrem Browser eine pseudonyme Identifikationsnummer (ID) zugeordnet,\num zu \u00fcberpr\u00fcfen, welche Anzeigen in Ihrem Browser eingeblendet wurden und\nwelche Anzeigen aufgerufen wurden. Die Cookies enthalten keine\npersonenbezogenen Informationen. Die Verwendung der \u201eDoubleClick\u201c-Cookies erm\u00f6glicht\nGoogle und seinen Partner-Webseiten lediglich die Schaltung von Anzeigen auf\nBasis vorheriger Besuche auf unserer oder anderen Webseiten im Internet. Die\ndurch die Cookies erzeugten Informationen werden von Google zur Auswertung an\neinen Server in den USA \u00fcbertragen und dort gespeichert. Eine \u00dcbertragung der\nDaten durch Google an Dritte findet nur aufgrund gesetzlicher Vorschriften oder\nim Rahmen der Auftragsdatenverarbeitung statt. Keinesfalls wird Google Ihre\nDaten mit anderen von Google erfassten Daten zusammenbringen.<br>\nSie k\u00f6nnen die Speicherung der Cookies durch eine entsprechende Einstellung\nIhrer Browser-Software verhindern; wir weisen Sie jedoch darauf hin, dass Sie\ndann ggf. nicht s\u00e4mtliche Funktionen unserer Webseiten vollumf\u00e4nglich werden\nnutzen k\u00f6nnen. Sie k\u00f6nnen dar\u00fcber hinaus die Erfassung der durch die Cookies\nerzeugten und auf Ihre Nutzung der Webseiten bezogenen Daten sowie die\nVerarbeitung dieser Daten durch Google verhindern, indem sie das <a href=\"https:\/\/support.google.com\/analytics\/answer\/181881?hl=de&amp;ref_topic=2919631\" target=\"_blank\" rel=\"noreferrer noopener\">unter dem folgenden Link<\/a> unter dem Punkt\n\u201eDoubleClick\u201c-Deaktivierungserweiterung verf\u00fcgbare Browser-Plugin herunterladen\nund installieren. Weitere Informationen zu Datenschutz und Cookies von Google\nfinden Sie <a href=\"https:\/\/www.google.com\/policies\/technologies\/ads\/\" target=\"_blank\" rel=\"noreferrer noopener\">hier<\/a>.<\/li><li><strong>Twitter Conversion Pixel<\/strong><br>\nWeitere Informationen zu Datenschutz und Cookies der Twitter, Inc., 1355 Market\nStreet, Suite 900, San Francisco, CA 94103, USA, finden Sie <a href=\"https:\/\/help.twitter.com\/en\/rules-and-policies\/twitter-cookies\" target=\"_blank\" rel=\"noreferrer noopener\">hier<\/a>.<\/li><li><strong>Seeding Alliance Conversion\nPixel<\/strong><br>\nWeitere Informationen zu Datenschutz und Cookies der Seeding Alliance GmbH, Lichtstr.\n25, 50825 K\u00f6ln, finden Sie <a href=\"http:\/\/seeding-alliance.de\/datenschutz\/\" target=\"_blank\" rel=\"noreferrer noopener\">hier<\/a>. Der Datenerhebung und\n-speicherung durch Seeding Alliance kann jederzeit mit Wirkung f\u00fcr die Zukunft <a href=\"http:\/\/seeding-alliance.de\/opt-out\/\" target=\"_blank\" rel=\"noreferrer noopener\">widersprochen<\/a> werden.<\/li><li><strong>LinkedIn Conversion Pixel<\/strong><br>\nWeitere Informationen zu Datenschutz und Cookies der LinkedIn Corporation, 1000\nWest Maude Avenue, Sunnyvale CA 94085, USA, finden Sie <a href=\"https:\/\/www.linkedin.com\/legal\/cookie-policy?trk=uno-reg-guest-home-cookie-policy\" target=\"_blank\" rel=\"noreferrer noopener\">hier<\/a>.<\/li><li><strong>Pinterest Conversion Pixel<\/strong><br>\nWeitere Informationen zu Datenschutz und Cookies der Pinterest Europe Ltd.,\nPalmerston House, 2nd Floor, Fenian Street, Dublin 2, Ireland finden Sie <a href=\"https:\/\/policy.pinterest.com\/de\/cookies\" target=\"_blank\" rel=\"noreferrer noopener\">hier<\/a>.<\/li><li><strong>ORACLE ELOQUA<\/strong><br>\nWeitere Informationen zu Datenschutz und Cookies der ORACLE Deutschland B.V.\n&amp; Co. KG, Riesstra\u00dfe 25, 80992 M\u00fcnchen, finden Sie <a href=\"https:\/\/www.oracle.com\/de\/legal\/privacy\/index.html\" target=\"_blank\" rel=\"noreferrer noopener\">hier<\/a>.<\/li><li><strong>Sizmek Conversion Pixel<\/strong><br>\nWeitere Informationen zu Datenschutz und Cookies der Sizmek, Inc., USA, finden\nSie <a href=\"https:\/\/www.sizmek.com\/privacy-policy\/optedin\/\" target=\"_blank\" rel=\"noreferrer noopener\">hier<\/a>.<\/li><li><strong>Facebook Conversion Pixel<\/strong><br>\nWeitere Informationen zu Datenschutz und Cookies der Facebook, Inc., 1601\nWillow Road, Menlo Park, CA 94025, USA, finden Sie <a href=\"https:\/\/www.facebook.com\/about\/privacy\/\" target=\"_blank\" rel=\"noreferrer noopener\">hier<\/a>.<\/li><li><strong>Aumago Retargeting Pixel<\/strong><br>\nWeitere Informationen zu Datenschutz und Cookies der Aumago GmbH, Neue\nSch\u00f6nhauser Str. 20, 10178 Berlin, finden Sie <a href=\"https:\/\/www.aumago.com\/impressum\/\" target=\"_blank\" rel=\"noreferrer noopener\">hier<\/a>. Nutzer k\u00f6nnen Cookies\njederzeit entweder direkt im Browser l\u00f6schen, Cookie-Pr\u00e4ferenzen unter <a href=\"http:\/\/www.networkadvertising.org\/choices\/\">www.networkadvertising.org\/choices\/<\/a> verwalten oder unter <a href=\"https:\/\/www.salesforce.com\/products\/marketing-cloud\/data-management\/?d=DMP&amp;internal=true\" target=\"_blank\" rel=\"noreferrer noopener\">www.krux.com\/krux_privacy\/consumer_choice\/<\/a> die Cookies von Aumago\nausschalten.<\/li><li><strong>Quantcast Conversion Pixel<\/strong><br>\nWeitere Informationen zu Datenschutz und Cookies der Quantcast Deutschland\nGmbH, Leopoldstrasse 23, 80802 M\u00fcnchen, finden Sie <a href=\"http:\/\/hier\">hier<\/a>. Nutzer k\u00f6nnen Cookies von Quantcast\njederzeit auch unter <a href=\"http:\/\/www.quantcast.de\/opt-out\">www.quantcast.de\/opt-out<\/a> ausschalten.<\/li><li><strong>Revive Ad Pixel<\/strong><br>\nWeitere Informationen zu Datenschutz und Cookies der Revive Software and\nServices BV, Jonkersvaart 36, 9366 TC Jonkersvaart, The Netherlands, finden Sie\n<a href=\"https:\/\/www.revive-adserver.com\/privacy\/\" target=\"_blank\" rel=\"noreferrer noopener\">hier<\/a>.<\/li><\/ul>\n\n\n\n<h4 class=\"wp-block-heading\">&nbsp;<\/h4>\n\n\n\n<p><strong>(4) Weitere Tools zu Marketing-\nund Optimierungszwecke<\/strong><strong><\/strong><\/p>\n\n\n\n<p>Au\u00dferdem verwenden\nwir die folgenden Tools zu Marketing- und Optimierungszwecken:<\/p>\n\n\n\n<p><strong>Google Adwords Remarketing\nPixel<\/strong><br>\nMittels der Remarketing- oder \u201e\u00c4hnliche Zielgruppen\u201c- Funktion der Google Inc.\n(\u201eGoogle\u201c) k\u00f6nnen wir die Besucher der Webseite zielgerichtet mit Werbung\nansprechen, indem f\u00fcr Besucher unserer Webseite personalisierte,\ninteressenbezogene Werbeanzeigen geschaltet werden, wenn sie andere Webseiten\nim Google Display-Netzwerk besuchen. Zur Durchf\u00fchrung der Analyse der\nWebseiten-Nutzung, welche die Grundlage f\u00fcr die Erstellung der\ninteressenbezogenen Werbeanzeigen bildet, setzt Google sog. \u201eCookies\u201c ein.\nHierzu speichert Google eine kleine Datei mit einer Zahlenfolge in den Browsern\nder Besucher der Webseite. \u00dcber diese Zahl werden die Besuche der Webseite\nsowie anonymisierte Daten \u00fcber die Nutzung der Webseite erfasst. Es erfolgt\nkeine Speicherung von personenbezogenen Daten der Besucher der Webseite.<\/p>\n\n\n\n<p>Besuchen Sie\nnachfolgend eine andere Webseite im Google Display-Netzwerk, werden Ihnen\nWerbeeinblendungen angezeigt, die mit hoher Wahrscheinlichkeit zuvor\naufgerufene Produkt- und Informationsbereiche ber\u00fccksichtigen. Sie k\u00f6nnen die\nVerwendung von Cookies durch Google dauerhaft deaktivieren, indem Sie dem\nnachfolgenden Link folgen und das dort bereitgestellte Plug-In herunterladen\nund installieren: <a href=\"https:\/\/support.google.com\/ads\/answer\/7395996\" target=\"_blank\" rel=\"noreferrer noopener\">www.google.com\/settings\/ads\/plugin\/<\/a>. Alternativ k\u00f6nnen Sie die Verwendung von Cookies durch\nDrittanbieter deaktivieren, indem sie die Deaktivierungsseite der\nNetzwerkwerbeinitiative (Network Advertising Initiative) unter <a href=\"http:\/\/www.networkadvertising.org\/choices\/\">www.networkadvertising.org\/choices\/<\/a> aufrufen und die dort genannten weiterf\u00fchrenden Information zum\nOpt-Out umsetzen.<\/p>\n\n\n\n<p>Weiterf\u00fchrende\nInformationen zu Google Remarketing sowie die Datenschutzerkl\u00e4rung von Google\nk\u00f6nnen Sie einsehen unter: <a href=\"https:\/\/www.google.com\/privacy\/ads\/\" target=\"_blank\" rel=\"noreferrer noopener\">www.google.com\/privacy\/ads\/<\/a>.<\/p>\n\n\n\n<p><strong>Google Tag Manager<\/strong><br>\nGoogle Tag Manager ist eine L\u00f6sung, mit der uns erm\u00f6glicht wird verschiedene\nWebsite-Tags \u00fcber eine Oberfl\u00e4che zu verwalten. Das Tool Tag Manager selbst\n(das die Tags implementiert) ist eine Cookie-lose Domain und erfasst keine\npersonenbezogenen Daten. Das Tool sorgt f\u00fcr die Ausl\u00f6sung anderer Tags, die\nihrerseits unter Umst\u00e4nden Daten erfassen. Google Tag Manager greift nicht auf\ndiese Daten zu. Wenn auf Domain- oder Cookie-Ebene eine Deaktivierung\nvorgenommen wurde, bleibt diese f\u00fcr alle Tracking-Tags bestehen, die mit Google\nTag Manager implementiert werden.<\/p>\n\n\n\n<p><strong>Einsatz von Google\nAnalytics<\/strong><br>\nWir nutzen auf unseren Webseiten Google Analytics, einen Webanalysedienst der\nGoogle Inc. (\u201eGoogle\u201c). Google Analytics verwendet sog. \u201eCookies\u201c, Textdateien,\ndie auf Ihrem Endger\u00e4t gespeichert werden und die eine Analyse der Benutzung\nder Webseite durch Sie erm\u00f6glichen. Die durch den Cookie erzeugten\nInformationen \u00fcber Ihre Benutzung dieser Webseite werden in der Regel an einen\nServer von Google in den USA \u00fcbertragen und dort gespeichert. Durch die\nAktivierung der IP-Anonymisierung wird Ihre IP-Adresse von Google jedoch\ninnerhalb von Mitgliedstaaten der Europ\u00e4ischen Union oder in anderen\nVertragsstaaten des Abkommens \u00fcber den Europ\u00e4ischen Wirtschaftsraum zuvor\ngek\u00fcrzt.<\/p>\n\n\n\n<p>Nur in\nAusnahmef\u00e4llen wird die volle IP-Adresse an einen Server von Google in den USA\n\u00fcbertragen und dort gek\u00fcrzt. In unserem Auftrag wird Google diese Informationen\nbenutzen, um Ihre Nutzung der Webseiten auszuwerten, um Reports \u00fcber die\nWebseitenaktivit\u00e4ten zusammenzustellen und um weitere mit der Webseitennutzung\nund der Internetnutzung verbundene Dienstleistungen gegen\u00fcber uns zu erbringen.\nDie im Rahmen von Google Analytics von Ihrem Browser \u00fcbermittelte IP-Adresse\nwird nicht mit anderen Daten von Google zusammengef\u00fchrt.<\/p>\n\n\n\n<p>Sie k\u00f6nnen die\nSpeicherung der Cookies durch eine entsprechende Einstellung Ihrer\nBrowser-Software verhindern; wir weisen Sie jedoch darauf hin, dass Sie in\ndiesem Fall gegebenenfalls nicht s\u00e4mtliche Funktionen auf unseren Webseiten\nvollumf\u00e4nglich nutzen k\u00f6nnen. Sie k\u00f6nnen dar\u00fcber hinaus die Erfassung der durch\ndas Cookie erzeugten und auf Ihre Nutzung der Webseite bezogenen Daten (inkl.\nIhrer IP-Adresse) an Google sowie die Verarbeitung dieser Daten durch Google\nverhindern, indem Sie das unter dem folgenden Link verf\u00fcgbare Browser-Plug-in\nherunterladen und installieren: <a href=\"http:\/\/tools.google.com\/dlpage\/gaoptout?hl=de\" target=\"_blank\" rel=\"noreferrer noopener\">http:\/\/tools.google.com\/dlpage\/gaoptout?hl=de<\/a><\/p>\n\n\n\n<p>Sie k\u00f6nnen die\nErfassung Ihrer Daten durch Google Analytics verhindern, indem Sie auf\nfolgenden Link klicken. Es wird ein Opt-Out-Cookie gesetzt, der die Erfassung\nIhrer Daten bei zuk\u00fcnftigen Besuchen dieser Webseite verhindert: <a href=\"https:\/\/developers.google.com\/analytics\/devguides\/collection\/analyticsjs\/user-opt-out\">Google\nAnalytics deaktivieren<\/a><\/p>\n\n\n\n<p>Wir nutzen Google Analytics\nweiterhin dazu, Daten aus Double-Click-Cookie und auch AdWords zu statistischen\nZwecken auszuwerten. Sollten Sie dies nicht w\u00fcnschen, k\u00f6nnen Sie dies \u00fcber den\nAnzeigenvorgaben-Manager <a href=\"https:\/\/adssettings.google.com\/authenticated?hl=de\">https:\/\/adssettings.google.com\/authenticated?hl=de<\/a> deaktivieren.<\/p>\n\n\n\n<p>Sie finden hier die\nDatenschutzhinweise zu Google: <a href=\"https:\/\/policies.google.com\/privacy?hl=de\" target=\"_blank\" rel=\"noreferrer noopener\">https:\/\/policies.google.com\/privacy?hl=de<\/a><\/p>\n\n\n\n<p><strong>Quantcast\nRemarketing Pixel<\/strong><br>\nQuantcast erbringt f\u00fcr uns einen Dienst zur Nutzermessung und zu Werbezwecken.\nMittels Quantcast Remarketing k\u00f6nnen wir unsere Besucher der Webseite\nzielgerichtet mit Werbung ansprechen. Quantcast assoziiert die Informationen\n\u00fcber Ihren Webseiten-Besuch oder \u00fcber Ihre App-Nutzung mit einer einzigartigen\nKennung (Ihre Cookie-ID), nicht mit Ihrem Namen, Ihrer E-Mail-Adresse oder\nTelefonnummer. Sie finden weitere Informationen in der Datenschutzerkl\u00e4rung von\nQuantcast. Sie k\u00f6nnen sich jederzeit gegen die Werbung und Datensammlung durch\nQuantcast entscheiden: <a href=\"https:\/\/www.quantcast.de\/opt-out\/\" target=\"_blank\" rel=\"noreferrer noopener\">www.quantcast.de\/opt-out\/<\/a><\/p>\n\n\n\n<p>Weiterf\u00fchrende\nInformationen zu Quantcast sowie die Datenschutzerkl\u00e4rung von Quantcast k\u00f6nnen\nSie einsehen unter: <a href=\"https:\/\/www.quantcast.de\/datenschutz\" target=\"_blank\" rel=\"noreferrer noopener\">www.quantcast.de\/datenschutz<\/a>.<\/p>\n\n\n\n<p><strong>Eloqua<\/strong><br>\nWir nutzen den Service Eloqua f\u00fcr die optimale Kommunikation zu unseren Kunden.\nDie Eloqua-Server des Anbieters ORACLE Deutschland B.V. &amp; Co. KG, Riesstrasse\n25, 80992 M\u00fcnchen befinden sich in der EU. Im Rahmen von Support- und\nAdministrationsleistungen l\u00e4sst es sich im Einzelfall nicht ausschlie\u00dfen, dass\neinzelne Mitarbeiter der Oracle Corporation au\u00dferhalb der EU im Rahmen ihrer\nvertraglichen Leistungserbringung auch auf Nutzerdaten Zugriff haben. Ein\nangemessenes Datenschutzniveau bei der Oracle Corporation haben wir vorsorglich\ndurch ausreichende Garantien im Sinne des Bundesdatenschutzgesetzes\nsichergestellt. Eloqua platziert auf der jeweiligen Anmeldeseite einen\ndauerhaften Cookie, sofern nicht bereits ein Eloqua-Cookie auf Ihrem Ger\u00e4t\nvorhanden ist. Wenn Sie bereits eine Webseite genutzt haben, die Eloqua\neinsetzt, verf\u00fcgen Sie m\u00f6glicherweise bereits \u00fcber einen Eloqua-Cookie. Wir\nnutzen den Eloqua-Cookie u. U. dazu, Ihre Nutzung unserer Sites zu analysieren,\ndamit wir diese laufend verbessern k\u00f6nnen. E-Mails, die Mithilfe von Eloqua\ngesendet werden, nutzen Tracking-Technologien. Wir verwenden diese Daten in\nerster Linie, um herauszufinden, welche Themen f\u00fcr Sie interessant sind, indem\nwir nachvollziehen, ob unsere E-Mails ge\u00f6ffnet werden und auf welche Links Sie\nklicken. Diese Informationen nutzen wir dann, um die E-Mails, die wir Ihnen\nsenden, und die von uns bereitgestellten Services zu verbessern und sie bereits\nvorhandenen Tracking- oder Profiling-Informationen zu verbinden. Wenn Sie den\nEinsatz von Eloqua-Cookies auf Ihrem Ger\u00e4t zuk\u00fcnftig verhindern wollen, ist das\n\u00fcber folgenden Link m\u00f6glich: <a href=\"https:\/\/www.oracle.com\/legal\/privacy\/privacy-policy.html#opt-out\" target=\"_blank\" rel=\"noreferrer noopener\">www.oracle.com\/legal\/privacy\/privacy-policy.html#opt-out<\/a>.<\/p>\n\n\n\n<p>Sollten Sie nicht\nw\u00fcnschen, dass wir Ihren Computer wiedererkennen (Festplatten-Cookies), k\u00f6nnen\nSie zus\u00e4tzlich Ihren Browser so einstellen, dass er Cookies von Ihrer\nComputerfestplatte l\u00f6scht, alle Cookies blockiert oder Sie warnt, bevor ein\nCookie gespeichert wird. Wenn Sie keine Cookies akzeptieren, wird Ihnen die\nBenutzung einiger unserer Dienste nicht m\u00f6glich sein. Generell erm\u00f6glichen uns\nCookies festzustellen, wer Sie sind und Ihnen dadurch besser und noch\npersonalisierter Dienste anzubieten.<\/p>\n\n\n\n<p><strong>SalesViewer<\/strong><br>\nAuf dieser Webseite werden mit der SalesViewer\u00ae-Technologie der SalesViewer\u00ae\nGmbH Daten zu Marketing-, Marktforschungs- und Optimierungszwecken gesammelt\nund gespeichert. Aus diesen Daten k\u00f6nnen unter einem Pseudonym Nutzungsprofile\nerstellt werden. Hierzu werden sog. Trackingscripte eingesetzt, die zur\nErhebung unternehmensbezogener Daten dienen. Die mit dieser Technologien\nerhobenen Daten werden ohne die gesondert erteilte Zustimmung des Betroffenen\nnicht dazu benutzt, den Besucher dieser Webseite pers\u00f6nlich zu identifizieren\nund nicht mit personenbezogenen Daten \u00fcber den Tr\u00e4ger des Pseudonyms\nzusammengef\u00fchrt.<\/p>\n\n\n\n<p>Der Datenerhebung\nund -speicherung kann jederzeit mit Wirkung f\u00fcr die Zukunft <a href=\"https:\/\/www.salesviewer.com\/opt-out\" target=\"_blank\" rel=\"noreferrer noopener\">widersprochen<\/a> werden, um die Erfassung durch SalesViewer\u00ae\ninnerhalb dieser Webseite zuk\u00fcnftig zu verhindern. Dabei wird ein\nOpt-Out-Cookie f\u00fcr diese Webseite auf Ihrem Ger\u00e4t abgelegt. L\u00f6schen Sie Ihre\nCookies in diesem Browser, m\u00fcssen Sie diesen Link erneut klicken.<\/p>\n\n\n\n<p><strong>FINDOLOGIC<\/strong><\/p>\n\n\n\n<p><strong>(1) Zweck und Rechtsgrundlage<br>\n<\/strong>Zur Product Discovery, insbesondere zur Suche und\nNavigation in unserem Webshop, setzen wir die Dienstleistungen der FINDOLOGIC\nGmbH, Jakob-Haringer-Str. 5a, 5020 Salzburg ein, ein Technologieunternehmen,\nwelches durch Datenanalysen versucht, auf pers\u00f6nliche Bed\u00fcrfnisse und\nPr\u00e4ferenzen bei Produktsuchen und -k\u00e4ufen im Webshop einzugehen. Ziel ist es,\nSuchanfragen und Produktanzeigen st\u00e4rker an den Interessen unserer Nutzer\nauszurichten. Die Zusammenarbeit mit FINDOLOGIC stellt eine\nAuftragsverarbeitung gem. Art. 4 Abs. 8 DSGVO dar und ist gem. Art. 28 DSGVO\ngeregelt. Die Daten werden ausschlie\u00dflich f\u00fcr Zwecke der Messe M\u00fcnchen GmbH\nverarbeitet.<\/p>\n\n\n\n<p>Sofern die\nVerarbeitung zur Verbesserung der Suche nach bzw. der Pr\u00e4sentation von\nProdukten im Shop dient, ist die Rechtsgrundlage Art. 6 Abs. 1 lit b DSGVO\n(vorvertragliche Ma\u00dfnahmen). Sofern die Verarbeitung der Optimierung des Shops\ninsgesamt dient, ist die Rechtsgrundlage Art. 6 Abs. 1 lit f DSGVO (berechtigte\nInteressen). Die Messe M\u00fcnchen GmbH hat dabei ein berechtigtes Interesse an\neiner kundenfreundlichen Ausgestaltung ihres Shops. Ihre Rechte und Freiheiten\nwerden in diesem Zusammenhang angemessen ber\u00fccksichtigt. Dabei werden Cookies\nzur Speicherung von Informationen \u00fcber den Websitebenutzer eingesetzt und\nverschiedene Daten an den Auftragsverarbeiter \u00fcbertragen. Diese umfassen\ninsbesondere die IP-Adresse und Browser-Identifikation der Benutzer sowie damit\nverkn\u00fcpfte Verhaltensdaten wie Suchanfragen, besuchte Kategorien, ausgew\u00e4hlte\nFilter, angesehene und gekaufte Produkte. Dies hilft uns zu verstehen, welche\nProdukte unsere Benutzer am meisten interessieren und das Einkaufserlebnis\nhierf\u00fcr zu optimieren.<\/p>\n\n\n\n<p>Ferner stellt\nFINDOLOGIC der Messe M\u00fcnchen GmbH nur solche Transaktionen in Rechnung, die von\nrealen Kunden (und nicht z.B. von Bots) vorgenommen wurden. Dies kann mithilfe\nder IP-Adresse verifiziert werden, die zu diesem Zweck gespeichert und\nverarbeitet wird. Rechtsgrundlage hierf\u00fcr ist ebenfalls Art. 6 Abs. 1 lit f\nDSGVO: Die Messe M\u00fcnchen GmbH hat ein berechtigtes Interesse an einer korrekten\nAbrechnung durch den Auftragsverarbeiter. Ihre Rechte und Freiheiten werden bei\ndieser Abw\u00e4gung angemessen ber\u00fccksichtigt. Eine Zusammenf\u00fchrung der IP-Adresse\nmit anderen Daten oder eine Verarbeitung zu anderen Zwecken findet nicht statt.<\/p>\n\n\n\n<p><strong>(2) Empf\u00e4ngerkategorien<br>\n<\/strong>Die o.g. personenbezogenen Daten werden nicht an Dritte,\nsondern nur an den Auftragsverarbeiter sowie ggf. dessen\nUnterauftragsverarbeiter, f\u00fcr die o.g. Zwecke \u00fcbermittelt.<\/p>\n\n\n\n<p><strong>(3) L\u00f6schfristen<br>\n<\/strong>Ihre Suchergebnisse und -pr\u00e4ferenzen werden nach\nBeendigung der Sitzung unverz\u00fcglich gel\u00f6scht. Die IP-Adresse der jeweiligen\nTransaktion wird in Einklang mit Art. 32 DSGVO sicher gespeichert. Nach 6\nMonaten werden die Adressen schlie\u00dflich anonymisiert.<\/p>\n\n\n\n<p>J. Wenn Sie bei uns Online-Tickets\nkaufen; Wenn Sie sich bei uns als Besucher, Fachbesucher oder Aussteller online\nregistrieren<\/p>\n\n\n\n<h4 class=\"wp-block-heading\"><strong>(1) Online-Tickets und Rechtsgrundlage<\/strong><strong><\/strong><\/h4>\n\n\n\n<p>Sie k\u00f6nnen im Rahmen unserer Webseite Online-Tickets f\u00fcr Messen\nund Kongresse kaufen. Wir verarbeiten hierf\u00fcr diejenigen personenbezogenen\nDaten, die Sie jeweils in das Bestellformular eintragen. Die Verarbeitung Ihrer\npersonenbezogenen Daten erfolgt zur Anbahnung, Durchf\u00fchrung und Abwicklung des\nentsprechenden Vertrages.<\/p>\n\n\n\n<p>Die Messe M\u00fcnchen verarbeitet in diesem Zusammenhang\npersonenbezogene Daten nur f\u00fcr die Aus\u00fcbung der Gesch\u00e4ftszwecke der Messe\nM\u00fcnchen. Diese sind die Wahrnehmung von Aufgaben des Messe- und\nAusstellungswesens auf wirtschaftlichem, wissenschaftlichem und kulturellem\nGebiet. Die Aufgaben umfassen insbesondere die Durchf\u00fchrung von Messen,\nAusstellungen, Kongressen und \u00e4hnlichen Veranstaltungen, die Wahrnehmung der\nAusstellungsbelange der Landeshauptstadt M\u00fcnchen und des Freistaates Bayern im\nIn- und Ausland, die F\u00f6rderung der Wirtschaft durch die Veranstaltung von\nMessen, Ausstellungen, Kongresse und \u00e4hnlichen Veranstaltungen sowie der\nBetrieb, Unterhalt und Weiterentwicklung des Messegel\u00e4ndes in M\u00fcnchen,\nMessestadt-Riem.<\/p>\n\n\n\n<p>Hierzu unterh\u00e4lt die Messe M\u00fcnchen Messe- und\nAusstellungsanlagen, Kongress- und Tagungsr\u00e4ume, die sie f\u00fcr Veranstaltungen\nnutzt oder vermietet. Die Messe M\u00fcnchen betreibt zudem dieses und f\u00fcr bestimmte\nVeranstaltungen gesonderte Internet-Angebote.<\/p>\n\n\n\n<p>Die Verarbeitung von personenbezogenen Daten erfolgt\ninsbesondere zur Abwicklung von Gesch\u00e4ftsprozessen im Zusammenhang mit den\nvorstehenden T\u00e4tigkeiten, zu Ihrer Information und f\u00fcr Werbung f\u00fcr unsere\nVeranstaltungen und Leistungen (auf der Grundlage des \u00a77 Abs. 3 UWG), zu deren\nOptimierung und zur Markt- und Meinungsforschung. <\/p>\n\n\n\n<p>Wir analysieren im Fall von E-Mails auf Grundlage von \u00a77 Abs. 3\nUWG das Nutzungsverhalten, um die Ansprache f\u00fcr unsere Veranstaltungen und\nLeistungen noch zielgruppenorientierter ausgestalten zu k\u00f6nnen. Rechtsgrundlage\nhierf\u00fcr ist das berechtigte Interesse der Messe M\u00fcnchen GmbH an\nadressatengerechter Direktwerbung. Dieses deckt sich mit dem Interesse der\nE-Mail-Empf\u00e4nger, m\u00f6glichst nur solche Informationen zu erhalten, die auch von\nInteresse f\u00fcr sie sind. Ihre Rechte und Freiheiten wurden mit diesem Interesse\nabgewogen und treten hierbei zur\u00fcck. <\/p>\n\n\n\n<p>Sie k\u00f6nnen der Zusendung von E-Mails sowie der Analyse des\nNutzungsverhaltens durch eine E-Mail an folgende Adresse jederzeit widersprechen:\n<a href=\"mailto:datenschutz@messe-muenchen.de\">datenschutz@messe-muenchen.de<\/a><\/p>\n\n\n\n<p>Wir veranstalten bestimmte Messen, Kongresse und Events\ngemeinsam mit Partnern. Hierf\u00fcr haben wir, gemeinsam mit dem jeweiligen\nPartner, ein gemeinsames Ticketmanagement (z.B. Kombi-Tickets f\u00fcr den Besuch\nbestimmter Events). In diesem Fall sind wir und der jeweilige Partner gemeinsam\nf\u00fcr die Datenerhebung beim Ticketkauf und f\u00fcr weitere Verarbeitung im Rahmen\nder Vertragsanbahnung, Vertragsdurchf\u00fchrung und Vertragsabwicklung\nverantwortlich. Zudem verarbeiten wir und der jeweilige Partner die Daten f\u00fcr\neigene Werbezwecke im gesetzlichen Rahmen (auf der Grundlage des \u00a7 7 Abs. 3\nUWG).<\/p>\n\n\n\n<p>Sie k\u00f6nnen sich sowohl an uns als auch an den jeweiligen Partner\nwenden, um der Werbenutzung zu widersprechen. Ihr Widerspruch wird jeweils\nweitergeleitet, wenn Sie keine Werbung mehr w\u00fcnschen. Im Zweifelsfall gehen die\nMesse M\u00fcnchen und der jeweilige Partner davon aus, dass Sie insgesamt keine\nWerbung mehr w\u00fcnschen.<\/p>\n\n\n\n<h4 class=\"wp-block-heading\"><strong>(2) Registrierung als Aussteller oder Besucher und Rechtsgrundlage<\/strong><strong><\/strong><\/h4>\n\n\n\n<p>Sie k\u00f6nnen sich im Rahmen unserer Webseite als Besucher,\nFachbesucher oder Aussteller registrieren. Wir verarbeiten hierf\u00fcr diejenigen\npersonenbezogenen Daten, die Sie uns jeweils im Rahmen Ihrer Registrierung zur\nVerf\u00fcgung stellen.<\/p>\n\n\n\n<p>Die Verarbeitung Ihrer personenbezogenen Daten erfolgt zur\nAnbahnung, Durchf\u00fchrung und Abwicklung des entsprechenden Nutzungsvertrages.<\/p>\n\n\n\n<p>Sie m\u00fcssen sich nicht registrieren, um an Veranstaltungen der\nMesse M\u00fcnchen und ihrer Tochterunternehmen teilnehmen zu k\u00f6nnen. Sie k\u00f6nnen\nselbstverst\u00e4ndlich auch ohne Registrierung ein anonymes Ticket an den\nKassen-Countern kaufen. Unsere Hosts und Hostessen sowie unser Servicecenter\nund die Messe-Projektleitung unterst\u00fctzen Sie dabei.<\/p>\n\n\n\n<p>Ohne Registrierung sind wir leider nicht in der Lage, f\u00fcr Sie\nLeistungen wie Online-Vorausverkauf oder vereinfachten wiederholten Ticketkauf,\nMatch-Making, Networking-Funktionen im Rahmen unserer Connect-App,\nReiseservices oder andere Leistungen der Messe M\u00fcnchen zu erbringen.<\/p>\n\n\n\n<p>Etwas anderes gilt nur f\u00fcr Sie als Besucher<br>\n<br>\n<\/p>\n\n\n\n<ul><li>f\u00fcr reine Fachbesuchermessen (derzeit ISPO\nMUNICH, INHORGENTA MUNICH). In diesem Falle ben\u00f6tigen wir die zur\nSicherstellung der Fachbesuchereigenschaft erforderlichen Daten; und<\/li><li>wenn Sie einen Gutschein einl\u00f6sen m\u00f6chten.\nIn diesem Falle ben\u00f6tigen wir Ihre Namen und Kontaktdaten aus den im Folgenden\nunter \u201eAussteller\u201c genannten Gr\u00fcnden.<\/li><\/ul>\n\n\n\n<p>Im Einzelnen verarbeiten wir Ihre personenbezogenen Daten f\u00fcr\nfolgende Zwecke:<br>\n<br>\n<\/p>\n\n\n\n<ul><li><strong>Kauf<\/strong> von (z.T. verg\u00fcnstigten)\nTickets f\u00fcr unsere Veranstaltungen;<\/li><li>Einl\u00f6sen von <strong>Gutscheinen<\/strong>,\nTickets und Print@home-Tickets mit denen Sie m\u00f6gliche Wartezeiten beim\nMesseeintritt vermeiden k\u00f6nnen;<\/li><li>Registrierung zuk\u00fcnftiger Tickets \u201emit\neinem Klick\u201c;<\/li><li><strong>Lieferung<\/strong> und <strong>Bezahlung<\/strong>\nvon anderen Angeboten der Messe M\u00fcnchen (z. B. Messeverzeichnisse und\nKataloge);<\/li><li>\u00dcberpr\u00fcfung der <strong>Fachbesuchereigenschaft<\/strong>,\ndenn einige unserer Veranstaltungen sind einem Fachpublikum vorbehalten (z. B.\nISPO MUNICH, INHORGENTA MUNICH);<\/li><li>Sie k\u00f6nnen Ihren Messebesuch im Voraus\nbesser planen, weil wir Ihnen im Voraus Ank\u00fcndigungen, <strong>Fachinformationen<\/strong>\nund andere Materialien f\u00fcr die Sie interessierenden Veranstaltungen zur\nVerf\u00fcgung stellen k\u00f6nnen und Ihnen gezielt Aussteller oder Dienstleistungen\nempfehlen k\u00f6nnen;<\/li><li>Sind Sie <strong>Aussteller<\/strong>, helfen uns die\nDaten, Ihre Messeauftritte reibungslos durchzuf\u00fchren, Ihnen eine Auswahl von\nindividuell zugeschnittenen Serviceangeboten anzubieten und Ihnen die Produkte,\nDienstleistungen und Marketingangebote der Messe M\u00fcnchen vorzustellen;<\/li><li>Ihre freiwillige Teilnahme an unserer <strong>Markt- und\nMeinungsforschung<\/strong> hilft uns, unsere Veranstaltungen und unser\nService-Angebot zu verbessern;<\/li><li>Verhinderung oder Aufdecken von <strong>Missbrauch <\/strong>und\nBetrug, insbesondere bei Gutscheinen und Freikarten;<\/li><li>Ggf. einfache <strong>Aktualisierung<\/strong>\nIhrer personenbezogenen Daten \u00fcber das Internet.<\/li><li>Ggf. Verarbeitung Ihrer personenbezogenen\nDaten im Rahmen unserer Connect-App. (vgl. hierzu Ziffer 3.(c))<br>\n<br>\n<\/li><\/ul>\n\n\n\n<p>Sp\u00e4ter erfasste Daten werden ebenfalls dem Kundenkonto\nzugeordnet. Hierzu geh\u00f6ren z. B. die bei Bestellung eines Tickets erfassten\nDaten, die Nummer des Gutscheines eines Sie einladenden Ausstellers\nE-Mail-Adressen anderer Personen f\u00fcr die Sie gleichzeitig mit Ihrer Bestellung\nauch Tickets bestellen,<\/p>\n\n\n\n<p>Unter Umst\u00e4nden haben Sie mehrere Kundenkonten, wenn Sie mit\nunterschiedlichen E-Mail-Adressen bei uns registriert sind.<\/p>\n\n\n\n<h4 class=\"wp-block-heading\"><strong>(3) Kombi-Tickets f\u00fcr bestimmte Messen, Kongresse und Events<\/strong><strong><\/strong><\/h4>\n\n\n\n<p>Wir veranstalten bestimmte Messen, Kongresse und Events\ngemeinsam mit Partnern. Hierf\u00fcr haben wir, gemeinsam mit dem jeweiligen\nPartner, ein gemeinsames Ticketmanagement (z.B. Kombi-Tickets f\u00fcr den Besuch\nbestimmter Events). In diesem Fall sind wir und der jeweilige Partner gemeinsam\nf\u00fcr die Datenerhebung beim Ticketkauf und f\u00fcr weitere Verarbeitung im Rahmen\nder Vertragsanbahnung, Vertragsdurchf\u00fchrung und Vertragsabwicklung\nverantwortlich.<\/p>\n\n\n\n<p>Wir haben daf\u00fcr mit dem Partner jeweils eine\ndatenschutzrechtliche Vereinbarung \u00fcber die gemeinsame Verantwortlichkeit\ngeschlossen. Wir m\u00f6chten Ihnen im Folgenden das Wesentliche einer\nentsprechenden Vereinbarung zur Verf\u00fcgung stellen:<\/p>\n\n\n\n<ul><li>Wir und der jeweilige Partner erheben Ihre\npersonenbezogenen Daten im Rahmen des Ticketmanagements gemeinsam. Dies\nbedeutet, dass wir Ihre personenbezogenen Daten an unseren jeweiligen Partner\nweiterleiten, wenn Sie in unserem Ticket-Shop ein Kombi-Ticket f\u00fcr den Besuch\neines bestimmten Events erwerben, welches wir mit dem jeweiligen Partner\ngemeinsam veranstalten.<\/li><li>Wir und der jeweilige Partner verarbeiten\nIhre personenbezogenen Daten zur Anbahnung, Durchf\u00fchrung und Abwicklung des\nentsprechenden Kaufvertrages gemeinsam. Sie werden Vertragspartner von uns und dem\njeweiligen Partner.<\/li><li>Jede Partei hat die Erf\u00fcllung der\ndatenschutzrechtlichen Informationspflichten selbst sicherzustellen.<\/li><li>Jede Partei ist f\u00fcr die Bearbeitung und\nBeantwortung von Antr\u00e4gen auf Wahrnehmung der Rechte der betroffenen Personen\n(sog. \u201eBetroffenenrechte\u201c) zust\u00e4ndig. Wendet sich eine betroffene Person zu den\nBetroffenenrechten an eine Partei, ist diese verpflichtet, das Ersuchen der\nbetroffenen Person an die andere Partei als gemeinsam verantwortliche Partei\nf\u00fcr die Erf\u00fcllung der Betroffenenrechte weiterzuleiten, soweit erforderlich.<\/li><li>Jede Partei ist selbst und alleine f\u00fcr\netwaige weitere Verarbeitungen von personenbezogenen Daten selbst\nverantwortlich (z.B. zur Werbenutzung).<\/li><\/ul>\n\n\n\n<h4 class=\"wp-block-heading\"><strong>&nbsp;<\/strong><\/h4>\n\n\n\n<h4 class=\"wp-block-heading\"><strong>(4) Empf\u00e4ngerkategorien<\/strong><strong><\/strong><\/h4>\n\n\n\n<p>Wir geben die Daten ausschlie\u00dflich in dem nachfolgend\nbeschriebenen Umfang an Dritte weiter. Einige Empf\u00e4nger sind au\u00dferhalb des\nEurop\u00e4ischen Wirtschaftsraums (EWR) ans\u00e4ssig. Bitte beachten Sie hierzu den\nfolgenden Abschnitt.<\/p>\n\n\n\n<ul><li><strong>Gruppenunternehmen: <\/strong>Die Messe M\u00fcnchen darf die\npersonenbezogenen Daten ihrer Aussteller an ihre Gruppenunternehmen\n\u00fcbermitteln, sofern diese \u00fcber ihre Veranstaltungen und Dienstleistungen\ninformieren m\u00f6chten. Die Gruppenunternehmen sind entsprechend den Anforderungen\ndes Datenschutzes verpflichtet. Die Gruppenunternehmen der Messe M\u00fcnchen finden\nSie auf unserer Homepage unter <a href=\"https:\/\/messe-muenchen.de\/de\/unternehmen\/internationales-netzwerk\/tochergesellschaften\/\" target=\"_blank\" rel=\"noreferrer noopener\">https:\/\/messe-muenchen.de\/de\/unternehmen\/internationales-netzwerk\/tochergesellschaften\/<\/a>.<br>\nDie Weitergabe personenbezogener Daten von Besuchern an Gruppenunternehmen\nfindet nur statt f\u00fcr Besucher, die durch das jeweilige Gruppenunternehmen\nvermittelt wurden. In einer gr\u00f6\u00dferen Unternehmensgruppe wie die der Messe\nM\u00fcnchen kann nicht ausgeschlossen werden, dass einzelne Gesellschaften, Teile\ndavon oder die Rechte an Veranstaltungen an Dritte verkauft werden oder von der\nMesse M\u00fcnchen erworben werden. Bei solchen Transaktionen werden die Kundendaten\n\u00fcblicherweise mit \u00fcbertragen. Ihre personenbezogenen Daten werden dabei nach\nden Anforderungen des Datenschutzes gesch\u00fctzt.<\/li><li><strong>Auslandsvertreter der Messe\nM\u00fcnchen:<\/strong> Die Messe M\u00fcnchen darf an Auslandsvertreter der Messe\nM\u00fcnchen, die f\u00fcr die Messe M\u00fcnchen als Vertriebspartner t\u00e4tig sind, Daten \u00fcber\nBesucher und Aussteller aus ihrem jeweiligen Vertretungsbereich \u00fcbermitteln, z.\nB. bei der Bestellung und Bezahlung von Tickets ausl\u00e4ndischer Besucher \u00fcber\nunsere Auslandsvertreter. Die Weitergabe personenbezogener Daten an\nAuslandsvertretungen findet nur statt f\u00fcr Aussteller und Besucher, die aus dem\nentsprechenden Vertretungsgebiet der jeweiligen Auslandsvertretung stammen. Die\nAuslandsvertreter der Messe M\u00fcnchen finden Sie auf unserer Homepage unter <a href=\"https:\/\/messe-muenchen.de\/de\/unternehmen\/internationales-netzwerk\/auslandsvertretungen\/\" target=\"_blank\" rel=\"noreferrer noopener\">https:\/\/messe-muenchen.de\/de\/unternehmen\/internationales-netzwerk\/auslandsvertretungen\/<\/a>.<\/li><li><strong>Promotionen: <\/strong>Zuweilen versenden wir selbst\noder im Auftrag Dritter Angebote an Besucher- oder Ausstellergruppen oder\nveranstalten Gewinnspiele. In diesem Fall erh\u00e4lt der Auftraggeber weder Ihren\nNamen noch Ihre Adresse oder andere personenbezogene Daten, es sei denn, Sie\ngeben hierzu freiwillig Ihre Einwilligung.<\/li><li><strong>Aussteller:<\/strong> Wenn Sie einen Gutschein\neinl\u00f6sen, \u00fcbermitteln wir Ihre Daten an den Aussteller, der Sie mit dem\nGutschein zu einem Messebesuch seines Standes einl\u00e4dt. Dies dient der\nAbrechnung zwischen der Messe M\u00fcnchen und dem jeweiligen Aussteller. Au\u00dferdem\nm\u00f6chten wir sicherstellen, dass Sie den f\u00fcr Sie bestimmten Gutschein auch ordnungsgem\u00e4\u00df\neinsetzen k\u00f6nnen. <br>\nDar\u00fcber hinaus k\u00f6nnen Aussteller einen Leadtracking-Service nutzen, mit dem der\neinzelne Aussteller den Barcode auf Ihrem Ticket scannt und damit \u2013 \u00e4hnlich wie\nbei einer Visitenkarte \u2013 Ihre Kontaktdaten erh\u00e4lt. Dies sind im Einzelnen:\nUnternehmensname, Anrede, Titel, Vor- und Nachname, Funktion, Postanschrift,\nLand, Telefonnummer(n), Email-Adresse sowie etwaige weitere von Ihnen gemachten\nAngaben zu Interessen und\/oder zu Ihrem Unternehmen. Wenn Sie einem Aussteller\nIhren Besucher- oder Ausstellerausweis &#8211; wie eine Visitenkarte &#8211; zum Scannen\n\u00fcberreichen, erh\u00e4lt der Aussteller Zugriff auf die o.g. Informationen. Eine\nunbemerkte Datenerfassung ohne Ihre Mitwirkung findet nicht statt. Dem\ninternationalen Charakter der Messe (bzw. des Kongresses) entsprechend sind\nauch Aussteller vertreten, die Ihren Sitz au\u00dferhalb der Europ\u00e4ischen Union und\ndamit au\u00dferhalb des Geltungsbereiches der europ\u00e4ischen Datenschutzgesetze\nhaben. Auch hier k\u00f6nnen Sie im Einzelfall durch Entziehen oder Anbieten Ihrer\nEintrittskarte zum Scannen der Weitergabe Ihrer Daten widersprechen oder\nzustimmen. Die Messe M\u00fcnchen GmbH erh\u00e4lt die Information, aus welcher Branche\nder Aussteller stammt, dem Sie Ihre Daten bereitgestellt haben und nutzt diese\nInformation dazu, um k\u00fcnftige werbliche Ansprachen an Sie noch passender\nauszugestalten. Rechtsgrundlage hierf\u00fcr ist unser berechtigtes Interesse an\nadressatengerechter Direktwerbung. Dieses deckt sich mit dem\nInteresse der Besucher, m\u00f6glichst nur solche Informationen zu erhalten, die\nauch von Interesse f\u00fcr sie sind. Ihre Rechte und Freiheiten wurden mit\ndiesem Interesse abgewogen und treten hierbei zur\u00fcck. Sie k\u00f6nnen dieser\nAuswertung per E-Mail an <a href=\"mailto:datenschutz@messe-muenchen.de\">datenschutz@messe-muenchen.de<\/a> widersprechen. <\/li><li><strong>Dienstleister: <\/strong>Wir beauftragen Dienstleister\nmit der Erf\u00fcllung von Aufgaben f\u00fcr uns, z. B. Versand von E-Mails, Abwicklung\nvon Zahlungen (Kreditkarte, Lastschriftverfahren und Rechnungskauf), Pflege der\nDaten, Analyse der Daten, Erbringung von Kundenservice. Diese Dienstleister\nhaben nur Zugang zu den Daten, die sie zur Erf\u00fcllung ihrer von der Messe\nM\u00fcnchen vorgegebenen Aufgaben ben\u00f6tigen. Sie sind vertraglich verpflichtet, die\nDaten nicht zu anderen, insbesondere nicht zu eigenen Zwecken verwenden und\nm\u00fcssen die Daten wie in dieser Datenschutzerkl\u00e4rung sowie den einschl\u00e4gigen\nDatenschutzgesetzen vorgesehen sch\u00fctzen.<\/li><\/ul>\n\n\n\n<h4 class=\"wp-block-heading\"><strong>(5) Besondere Datenschutzhinweise<\/strong><strong><\/strong><\/h4>\n\n\n\n<p>Die Weitergabe der Daten in dem vorstehend beschriebenen Umfang\nkann in manchen F\u00e4llen in L\u00e4nder au\u00dferhalb des Europ\u00e4ischen Wirtschaftsraums\n(EWR) erfolgen. Diese L\u00e4nder verf\u00fcgen z. T. nicht \u00fcber ein Datenschutzniveau,\nwelches mit dem Schutzniveau innerhalb der EU vergleichbar ist (z. B. USA,\nChina oder Indien). Zum Schutz Ihrer Daten sind unsere au\u00dferhalb des EWR\nans\u00e4ssigen Gruppengesellschaften und Vertragspartner, denen Daten \u00fcbermittelt\nwerden sollen, wie z. B. Auslandsvertreter, auf Grundlage der EU-Standardvertragsklauseln\nf\u00fcr die \u00dcbermittlung personenbezogener Daten in Drittl\u00e4nder zur Gew\u00e4hrleistung\neines angemessenen Datenschutzes verpflichtet.<\/p>\n\n\n\n<p>Sie finden die EU-Standardvertragsklauseln unter folgendem Link:<br>\n<a href=\"https:\/\/ec.europa.eu\/info\/law\/law-topic\/data-protection\/data-transfers-outside-eu\/model-contracts-transfer-personal-data-third-countries_de\" target=\"_blank\" rel=\"noreferrer noopener\">https:\/\/ec.europa.eu\/info\/law\/law-topic\/data-protection\/data-transfers-outside-eu\/model-contracts-transfer-personal-data-third-countries_de<\/a><\/p>\n\n\n\n<p>Sie finden zudem Informationen zum internationalen Datenschutz\nunter folgendem Link:<br>\n<a href=\"https:\/\/www.lda.bayern.de\/de\/international.html\" target=\"_blank\" rel=\"noreferrer noopener\">https:\/\/www.lda.bayern.de\/de\/international.html<\/a><\/p>\n\n\n\n<p>K. Wenn Sie unsere Connect-App\nbenutzen<\/p>\n\n\n\n<p>Im Rahmen der f\u00fcr bestimmte\nMesse-Veranstaltungen von uns bereitgestellten App (\u201eConnect-App\u201c) erhalten Sie\nZugang zu den von uns \u00f6ffentlich bereitgestellten Informationen zur aktuellen\nMesse-Veranstaltung sowie beim Erwerb einer entsprechenden Berechtigung Zugang\nzu den sog. Networking-Funktionen der Connect-App.<\/p>\n\n\n\n<h4 class=\"wp-block-heading\"><strong>(1) Bereitstellung dieser Connect-App; Kommunikation mit der\nMesse M\u00fcnchen \u00fcber die Connect-App<\/strong><\/h4>\n\n\n\n<p>Die Bereitstellung der\nConnect-App erfordert den Umgang mit personenbezogenen Daten, etwa der\nIP-Adresse f\u00fcr den Abruf der in der Connect-App dargestellten Inhalte, bei von\nIhnen gestellten Anfragen oder in unseren Online-Service und\n-Funktionsbereichen. Sie haben zudem die M\u00f6glichkeit, \u00fcber unser\nKontaktformular oder die Support Chat-Funktion (sofern von uns bereitgestellt)\nmit uns in Verbindung zu treten. Wir erheben hierf\u00fcr Ihre E-Mail-Adresse und\nIhren Benutzernamen sowie die f\u00fcr die Erstellung Ihres Nutzeraccounts\nangegebenen Daten: Name, Vorname, Unternehmen, Jobtitel, Position und Land.<\/p>\n\n\n\n<p>Der Umgang mit Ihren\npersonenbezogenen Daten im Rahmen der Bereitstellung der Connect-App, ihrer\nFunktionen und zur Kommunikation erfolgt aufgrund unseres berechtigten\nInteresses. F\u00fcr die Bereitstellung der Connect-App ist es technisch notwendig,\ndass wir bestimmte personenbezogene Daten verarbeiten (z.B. die IP-Adresse).\nF\u00fcr Ihre Kommunikation mit uns ist es notwendig, dass wir die oben genannten\npersonenbezogenen Daten verarbeiten. Im Rahmen der erforderlichen Interessenabw\u00e4gungen\nhaben wir Ihr Interesse an der jeweiligen Geheimhaltung Ihrer personenbezogenen\nDaten und unsere Interessen an der Bereitstellung der Connect-App und der\nKontaktaufnahme jeweils miteinander abgewogen. Ihr Interesse an der\nGeheimhaltung tritt dabei in beiden F\u00e4llen zur\u00fcck. Wir k\u00f6nnten Ihnen gegen\u00fcber\nandernfalls die Connect-App (inklusive ihrer Funktionen) nicht bereitstellen\noder auf Ihre Anfragen reagieren.<\/p>\n\n\n\n<h4 class=\"wp-block-heading\"><strong>(2) Networking-Funktionen<\/strong><\/h4>\n\n\n\n<p>Sofern Sie au\u00dferdem Zugang zu den\nsog. Networking-Funktionen der Connect-App erhalten, haben Sie die M\u00f6glichkeit,\nmit anderen Nutzern der Connect-App durch das Posten von Nachrichten und\nKommentaren \u00fcber \u00f6ffentliche (einschlie\u00dflich Sponsored Channels) Channels zu\nkommunizieren. Sie k\u00f6nnen au\u00dferdem private Channel mit anderen Nutzern\nerstellen, um hierdurch individuell zu kommunizieren, ohne dass dies f\u00fcr andere\nals den von Ihnen bestimmten Teilnehmern des jeweiligen privaten Channels\nsichtbar ist. Ferner k\u00f6nnen Sie von anderen Nutzern \u00fcber einen privaten Channel\nindividuell kontaktiert werden.<br>\nZum Zweck der Zurverf\u00fcgungstellung dieser Networking-Funktionen verarbeiten wir\nihre personenbezogenen Daten, insbesondere ihre Daten im Rahmen Ihres\nNutzeraccounts (Name, Vorname, Unternehmen, Jobtitel, Position und Land) sowie\nIhre in den Channels geposteten Nachrichten und Kommentare.<\/p>\n\n\n\n<p>Die Verarbeitung Ihrer\npersonenbezogenen Daten erfolgt zur Erf\u00fcllung des Vertrags zur Bereitstellung\nder Networking-Funktionen. Mit Beendigung dieses Vertragsverh\u00e4ltnisses beruht\ndie Verarbeitung Ihrer personenbezogenen Daten aufgrund unserer berechtigten\nInteressen. Im Rahmen der erforderlichen Interessenabw\u00e4gungen haben wir Ihr\nInteresse an der jeweiligen Geheimhaltung Ihrer personenbezogenen Daten und\nunsere Interessen an der Bereitstellung der Networking-Funktionen jeweils\nmiteinander abgewogen. Ihr Interesse an der Geheimhaltung tritt dabei in beiden\nF\u00e4llen zur\u00fcck. Wir k\u00f6nnten Ihnen gegen\u00fcber andernfalls die\nNetworking-Funktionen nicht bereitstellen.<\/p>\n\n\n\n<h4 class=\"wp-block-heading\"><strong>(3) Datenverarbeitung im Zeitraum zwischen Erwerb und erster\nAnmeldung in der Connect-App<\/strong><\/h4>\n\n\n\n<p>Sofern Sie eine Berechtigung zur\nNutzung der Networking-Funktionen erworben haben (z.B. durch Kauf eines\nentsprechenden Online-Tickets bzw. Networking-Only-Ticket oder bei Bestehen\neiner entsprechenden Aussteller-Berechtigung) und sofern Sie hierzu beim Erwerb\nIhre ausdr\u00fcckliche Einwilligung erteilt haben, verarbeiten wir Ihre\npersonenbezogenen Daten im Rahmen Ihres Nutzeraccounts als Nutzerprofil (Name,\nVorname, Unternehmen, Jobtitel, Position, Land und ggf. Profilbilds) in unserer\nConnect-App bereits ab dem Erwerb der Berechtigung (und zwar unabh\u00e4ngig davon,\nob Sie die Connect-App bereits heruntergeladen oder sich bereits angemeldet\nhaben) bis zur ersten Anmeldung in der Connect-App. In diesem Fall wird Ihr\nNutzerprofil den anderen Nutzern der Connect-App angezeigt; f\u00fcr Dritte, welche\ndie App nutzen, ohne sich dort zu registrieren, ist lediglich der Vorname zu\nsehen. Dritt-Nutzer haben dann bereits die M\u00f6glichkeit, Ihnen private\nNachrichten zukommen zu lassen. Diese Nachrichten stehen f\u00fcr Sie unmittelbar\nnach dem ersten Einloggen in die Connect-App zur Verf\u00fcgung.<\/p>\n\n\n\n<p>Sie k\u00f6nnen diese beim Erwerb\nerteilte Einwilligung jederzeit uns gegen\u00fcber (z.B. \u00fcber <a href=\"mailto:datenschutz@messe-muenchen.de\">datenschutz@messe-muenchen.de<\/a>) f\u00fcr die\nZukunft widerrufen. Der Widerruf einer Einwilligung wirkt <strong>erst f\u00fcr die Zukunft\nund ber\u00fchrt nicht die Rechtm\u00e4\u00dfigkeit der bis zum Widerruf erfolgten\nVerarbeitungen<\/strong>.<\/p>\n\n\n\n<h4 class=\"wp-block-heading\"><strong>(4) Empf\u00e4ngerkategorien<\/strong><\/h4>\n\n\n\n<p>Wir geben die Daten ausschlie\u00dflich\nin dem nachfolgend beschriebenen Umfang an Dritte weiter. Einige Empf\u00e4nger sind\nau\u00dferhalb des Europ\u00e4ischen Wirtschaftsraums (EWR) ans\u00e4ssig. Bitte beachten Sie\nhierzu den folgenden Abschnitt.<\/p>\n\n\n\n<ul><li><strong>Infinum d.o.o:<\/strong> Infinum d.o.o ist unser IT-Dienstleistung\nzur Bereitstellung der Connect-App.<\/li><li><strong>Smile Family, Inc. d.b.a. SendBird:<\/strong> Smile Family, Inc. ist unser\nDienstleister im Bereich Gruppen-Kommunikation und stellt s\u00e4mtliche\nKommunikationsfunktionen der Nutzer im Rahmen der Networking-Funktionen zur Verf\u00fcgung.<\/li><li><strong>Heidelberg Mobil International GmbH: <\/strong>Heidelberg Mobil International GmbH\nstellt die Hallenpl\u00e4ne innerhalb der Connect-App bereit.<\/li><li><strong>jl.medien e.K.: <\/strong>jl.medien e.K ist unser Partner zur\nVermarktung der Werbefl\u00e4chen innerhalb der App.<\/li><li><strong>Einsatz von Google Analytics:<\/strong> Die Connect-App benutzt Google\nAnalytics, einen Analysedienst der Google Inc. (\u201eGoogle\u201c). Die erzeugten\nInformationen \u00fcber Ihre Nutzung dieser App werden in der Regel an einen Server\nder Google in den USA \u00fcbertragen und dort gespeichert. Wir setzen Google\nAnalytics nur mit aktivierter IP-Anonymisierung ein. Die IP-Adresse der Nutzer\nwird innerhalb der Mitgliedsstaaten der EU und des Europ\u00e4ischen Wirtschaftsraum\ngek\u00fcrzt. Durch diese K\u00fcrzung entf\u00e4llt der Personenbezug Ihrer IP-Adresse. Nur\nin Ausnahmef\u00e4llen wird die volle IP-Adresse an einen Server von Google in den\nUSA \u00fcbertragen und dort gek\u00fcrzt. Im Rahmen der Vereinbarung zur\nAuftragsdatenvereinbarung, welche wir mit der Google Inc. geschlossen haben,\nwird Google die gesammelten Informationen nutzen, um Ihre Nutzung der\nConnect-App auszuwerten, um Reports \u00fcber die App-Aktivit\u00e4ten zusammenzustellen\nund um weitere mit der Nutzung der Connect-App verbundene Dienstleistungen uns\ngegen\u00fcber zu erbringen. Auch wird Google diese Informationen gegebenenfalls an\nDritte \u00fcbertragen, sofern dies gesetzlich vorgeschrieben oder soweit Dritte\ndiese Daten im Auftrag von Google verarbeiten. Die \u00fcbermittelte IP-Adresse des\nNutzers wird nicht mit anderen Daten von Google zusammengef\u00fchrt. Die\nVerarbeitung der personenbezogenen Daten erm\u00f6glicht uns eine Analyse des\nNutzungsverhaltens unserer Connect-App durch die Nutzer. Die Auswertung dieser\nDaten erfolgt, um unsere Connect-App, deren Inhalte und deren\nNutzerfreundlichkeit stetig zu optimieren. Diese Zwecke stellen unser\nberechtigtes Interesse an der Datenverarbeitung dar und die Verarbeitung beruht\ndamit auf der Rechtsgrundlage des Art. 6 Abs. 1 lit. f DSGVO. Die L\u00f6schung der\npersonenbezogenen Daten erfolgt nach 26 Monaten. Sie k\u00f6nnen die Erfassung und\nVerarbeitung Ihrer Daten, welche auf Ihre Nutzung der Connect-App bezogen sind,\ndurch Google verhindern, indem Sie die Funktion in den App-Einstellungen\nausschalten. N\u00e4here Informationen zu Nutzungsbedingungen und Datenschutz von\nGoogle Analytics finden Sie unter: <a href=\"https:\/\/www.google.com\/analytics\/terms\/de.html\" target=\"_blank\" rel=\"noreferrer noopener\">https:\/\/www.google.com\/analytics\/terms\/de.html<\/a><\/li><\/ul>\n\n\n\n<p>L. Wenn Sie unsere bauma App\nnutzen<\/p>\n\n\n\n<h4 class=\"wp-block-heading\"><strong>(1) Ger\u00e4teinformationen und -ereignisse<\/strong><\/h4>\n\n\n\n<p>Wir verarbeiten Ger\u00e4tedaten, um\nIhnen Push-Nachrichten zu senden, Ihre Favoriten zu synchronisieren und f\u00fcr das\nsogenannte Crashreporting, um im Falle eines App-Absturzes den Fehler zu\nermitteln. Hierunter fallen folgende Daten: die Ger\u00e4te-ID, das Ger\u00e4temodell,\nder Name des Ger\u00e4ts, das Betriebssystem, der Zeitstempel und die Fehlerursache.\nDie Verarbeitung der Daten im Rahmen der Favoritensynchronisation und dem\nSenden der Push-Nachrichten ist zur Erf\u00fcllung des Vertrages mit Ihnen\nerforderlich und die Rechtsgrundlage f\u00fcr die Datenverarbeitung ist demnach Art.\n6 Abs. 1 lit. b DSGVO. Die Daten werden im Rahmen des Crashreportings ben\u00f6tigt,\num Fehler bzw. Abst\u00fcrze der App zu analysieren und zu beheben. Dieser Zweck\nstellt unser berechtigtes Interesse an der Datenverarbeitung dar und die\nVerarbeitung beruht damit auf der Rechtsgrundlage des Art. 6 Abs. 1 lit. f\nDSGVO. Die Daten werden gel\u00f6scht, sobald sie f\u00fcr die Erreichung des Zweckes\nihrer Erhebung nicht mehr erforderlich sind. Im Falle der Push-Nachrichten werden\ndie Daten gel\u00f6scht, sobald die Anfrage bearbeitet wurde. Sie k\u00f6nnen den\nPush-Benachrichtigungsdienst ausschalten und so der Verarbeitung der Sie\nbetreffenden Daten widersprechen. Sofern Sie die Favoritensynchronisation nicht\nnutzen, werden keine Daten erhoben. N\u00e4here Informationen zur\nFavoritensynchronisation finden Sie in Abschnitt h. F\u00fcr das Crashreporting sind\ndie Daten zwingend notwendig, Sie k\u00f6nnen der Verarbeitung nicht widersprechen.\nIm Falle eines gew\u00fcnschten Widerspruchs bitten wir Sie, die App zu\ndeinstallieren. Die Crashdaten werden gel\u00f6scht, sobald sie nicht mehr zur\nAnalyse und Fehlerbehebung ben\u00f6tigt werden.<\/p>\n\n\n\n<h4 class=\"wp-block-heading\"><strong>(2) Standortdaten<\/strong><\/h4>\n\n\n\n<p>Wir ben\u00f6tigen den Zugriff auf den\nStandort Ihres Ger\u00e4tes f\u00fcr sogenannte Location Based Services. Dieser Service\ndient dazu, Ihnen in Abh\u00e4ngigkeit Ihres Standorts hilfreiche Informationen im\nRahmen der jeweiligen Veranstaltung zukommen zu lassen. Ihre Standortdaten\nwerden mittels GPS-Daten, Kennungen von WLAN Netzwerken in der N\u00e4he,\nMobilfunkdaten und Bluetooth ermittelt und nur zur technischen Ausf\u00fchrung der\nentsprechenden Funktionen genutzt. Ihre Standortdaten werden nicht dazu\nverwendet, \u00fcber Ihren aktuellen Standort hinaus Bewegungsprofile anzulegen und\nwerden somit von uns weder protokolliert noch gespeichert. Sie k\u00f6nnen den\nZugriff in den Einstellungen Ihres Betriebssystems jederzeit widerrufen. Bitte\nbeachten Sie, dass einzelne Funktionen m\u00f6glicherweise nicht zur Verf\u00fcgung\nstehen, wenn Sie den Zugriff nicht erlauben.<\/p>\n\n\n\n<h4 class=\"wp-block-heading\"><strong>(3) Kalenderzugriff<\/strong><\/h4>\n\n\n\n<p>Wir ben\u00f6tigen Zugriff auf Ihren\nKalender, um Ihnen die M\u00f6glichkeit zu bieten, die Termine Ihrer\nMessebesuchsplanung in Ihrem Kalender zu speichern. Hierbei werden keine\npersonenbezogenen Daten aus Ihrem Kalender von uns ausgelesen oder bei uns\ngespeichert. Sie k\u00f6nnen den Zugriff in den Einstellungen Ihres Betriebssystems\njederzeit widerrufen. Bitte beachten Sie, dass einzelne Funktionen\nm\u00f6glicherweise nicht zur Verf\u00fcgung stehen, wenn Sie den Zugriff nicht erlauben.<\/p>\n\n\n\n<h4 class=\"wp-block-heading\"><strong>(4) Adressbuchzugriff<\/strong><\/h4>\n\n\n\n<p>Wir ben\u00f6tigen Zugriff auf Ihr\nAdressbuch, um Ihnen die M\u00f6glichkeit zu bieten, die \u00fcber das\nAusstellerverzeichnis erhaltenen Kontakte zu speichern. Hierbei werden keine\npersonenbezogenen Daten aus Ihrem Adressbuch von uns ausgelesen oder bei uns\ngespeichert. Sie k\u00f6nnen den Zugriff in den Einstellungen Ihres Betriebssystems\njederzeit widerrufen. Bitte beachten Sie, dass einzelne Funktionen\nm\u00f6glicherweise nicht zur Verf\u00fcgung stehen, wenn Sie den Zugriff nicht erlauben.<\/p>\n\n\n\n<h4 class=\"wp-block-heading\"><strong>(5) Kamerazugriff<\/strong><\/h4>\n\n\n\n<p>Wir ben\u00f6tigen Zugriff auf Ihre\nKamera zum Aufnehmen von Bildnotizen. Die Daten werden auf Ihrem Ger\u00e4t\ngespeichert. Sie k\u00f6nnen den Zugriff in den Einstellungen Ihres Betriebssystems\njederzeit widerrufen. Bitte beachten Sie, dass einzelne Funktionen\nm\u00f6glicherweise nicht zur Verf\u00fcgung stehen, wenn Sie den Zugriff nicht erlauben.<\/p>\n\n\n\n<h4 class=\"wp-block-heading\"><strong>(6) Speicherzugriff<\/strong><\/h4>\n\n\n\n<p>Wir ben\u00f6tigen Speicherzugriff zum\nSpeichern der von Ihnen erzeugten Messebesuchsdaten auf Ihrem Ger\u00e4t. Sie k\u00f6nnen\nden Zugriff in den Einstellungen Ihres Betriebssystems jederzeit widerrufen.\nBitte beachten Sie, dass einzelne Funktionen m\u00f6glicherweise nicht zur Verf\u00fcgung\nstehen, wenn Sie den Zugriff nicht erlauben.<\/p>\n\n\n\n<h4 class=\"wp-block-heading\"><strong>(7) Google Analytics<\/strong><\/h4>\n\n\n\n<p>Diese App benutzt Google\nAnalytics, einen Analysedienst der Google Inc. (\u201eGoogle\u201c). Mit Hilfe von Google\nAnalytics erfassen wir Daten zu der Art und Weise, wie und welche Funktionen\ninnerhalb der Apps genutzt wurden. Darunter fallen z.B. Suchanfragen, Clicks\nauf Werbebanner und welche Warengruppen und Ausstellereintr\u00e4ge in der App in\nwelcher H\u00e4ufigkeit aufgerufen werden. Die erfassten Informationen \u00fcber Ihre\nNutzung dieser App werden in der Regel an einen Server der Google in den USA\n\u00fcbertragen und dort gespeichert. Wir setzen Google Analytics nur mit\naktivierter IP-Anonymisierung ein. Die IP-Adresse der Nutzer wird innerhalb der\nMit-gliedsstaaten der EU und des Europ\u00e4ischen Wirtschaftsraum gek\u00fcrzt. Durch\ndiese K\u00fcrzung entf\u00e4llt der Personenbezug Ihrer IP-Adresse. Nur in\nAusnahmef\u00e4llen wird die volle IP-Adresse an einen Server von Google in den USA\n\u00fcbertragen und dort gek\u00fcrzt. Im Rahmen der Vereinba-rung zur\nAuftragsdatenvereinbarung, welche die App-Betreiber mit der Google Inc.\ngeschlossen haben, wird Google die gesammelten Informationen nutzen, um Ihre\nNutzung der App auszuwerten, um Reports \u00fcber die App-Aktivit\u00e4ten\nzusammenzustellen und um weitere mit der Nutzung der App verbundene\nDienstleistungen uns gegen\u00fcber zu erbringen. Auch wird Google diese\nInformationen gegebenenfalls an Dritte \u00fcbertragen, sofern dies gesetzlich\nvorgeschrieben oder soweit Dritte diese Daten im Auftrag von Google\nverarbeiten. Die \u00fcbermittelte IP-Adresse des Nutzers wird nicht mit anderen\nDaten von Google zusammengef\u00fchrt. Die Verarbeitung der personenbezogenen Daten\nerm\u00f6glicht uns eine Analyse des Nutzungsverhaltens unserer App durch die\nNutzer. Die Auswertung dieser Daten erfolgt, um unsere App, deren Inhalte und\nderen Nutzerfreundlichkeit stetig zu optimieren. Diese Zwecke stellen unser berechtigtes Interesse an der Datenverarbeitung dar und die\nVerarbeitung beruht damit auf der Rechtsgrundlage des Art. 6 Abs. 1 lit. f\nDSGVO. Die L\u00f6schung der personenbezogenen Daten erfolgt nach 26 Monaten.Sie\nk\u00f6nnen die Erfassung und Verarbeitung Ihrer Daten, welche auf Ihre Nutzung der\nApp bezogen sind, durch Google verhindern, indem Sie die Funktion in den App-Einstellungen ausschalten. N\u00e4here Informationen zu Nutzungsbedingungen und\nDatenschutz von Google Analytics finden Sie unter: <a href=\"http:\/\/www.google.com\/analytics\/terms\/de.html\">www.google.com\/analytics\/terms\/de.html<\/a>.<\/p>\n\n\n\n<h4 class=\"wp-block-heading\"><strong>(8) Sonstige<\/strong><\/h4>\n\n\n\n<p>\u00dcber die oben genannten Zugriffe\nhinaus verarbeiten wir personenbezogene Daten nur im Rahmen der Nutzung\neinzelner Funktionen der App. So lange Sie diese nicht nutzen, erheben wir\nkeine weiteren personenbezogenen Daten. Um eine Synchronisation der in der App\nangelegten Favoriten mit den Merklisten im Online-Ausstellerkatalog auf\nexhibitors.bauma.de zu erm\u00f6glichen, wird bei der Synchronisation neben den\nFavoriten auch eine E-Mail-Adresse als identifizierendes Merkmal f\u00fcr Ihr\nBenutzerkonto zum Online-Ausstellerkatalog \u00fcbertragen. Sie m\u00fcssen die E-Mail-Adresse\nvor der ersten Synchronisation selbst in der App eingeben. Die E-Mail-Adresse\nwird in der App gespeichert, um nachfolgende Synchronisationsvorg\u00e4nge zu\nvereinfachen. Die Synchronisation erfolgt nur, wenn Sie den Button\n&#8222;Favoriten synchronisieren&#8220; in der App dr\u00fccken. Gem\u00e4\u00df des Art. 6 Abs.\n1 lit. f DSGVO dient die Verarbeitung Ihrer Daten der verbesserten\nNutzerfreundlichkeit. Die Daten zur Favoritensynchronisation werden nur zur\nBearbeitung der Anfrage genutzt und anschlie\u00dfend gel\u00f6scht.<\/p>\n\n\n\n<p>M. Wenn Sie sich f\u00fcr\nunseren TrustedTargeting Campaign Creator registrieren<br>\n<br>\n<\/p>\n\n\n\n<p>Falls Sie sich als\nAnsprechpartner Ihres Unternehmens in unserem TrustedTargeting Campaign Creator\n(im Folgenden: \u201eCreator\u201c) registrieren, verarbeiten wir die personenbezogenen\nDaten, die Sie uns bei der Registrierung zur Verf\u00fcgung stellen, um Ihnen ein Kampagnenangebot\nper E-Mail zukommen zu lassen und um Ihnen (als Vertreter Ihres Unternehmens)\ndie Services des Creators bereitzustellen. Rechtsgrundlage ist in beiden F\u00e4llen\nArt. 6 Abs. 1 lit b DSGVO (vertragliche bzw. vorvertragliche Ma\u00dfnahmen). <\/p>\n\n\n\n<p>Ferner verarbeiten wir\nIhre personenbezogenen Daten auf Grundlage von Art. 6 Abs. 1 lit f DSGVO\n(\u201eberechtigte Interessen\u201c) zu Zwecken der Produkt- und Vertragsoptimierung, um\nunseren Kunden den bestm\u00f6glichen Service bieten zu k\u00f6nnen. Ebenfalls wollen wir\ndadurch gew\u00e4hrleisten, dass unsere Kunden den richtigen Support f\u00fcr eine\nzuk\u00fcnftige Vertragserf\u00fcllung erhalten und selbstst\u00e4ndig unser Tool bedienen\nk\u00f6nnen. Dar\u00fcber hinaus verarbeiten wir Ihre Daten zur Markt- und\nMeinungsforschung und zur Direktwerbung f\u00fcr \u00e4hnliche Themen und Produkte der\nMesse M\u00fcnchen (im Fall von Ansprache per E-Mail: i.V.m. \u00a77 Abs. 3 UWG). Ihre\nRechte und Freiheiten wurden mit diesen Interessen abgewogen und treten hierbei\nzur\u00fcck. Sie k\u00f6nnen der Verarbeitung Ihrer personenbezogenen Daten f\u00fcr diese\nZwecke jederzeit per E-Mail an <a href=\"mailto:datenschutz@messe-muenchen.de\">datenschutz@messe-muenchen.de<\/a> widersprechen.<\/p>\n\n\n\n<p>Wir arbeiten mit Partnern\nzusammen, die als Auftragsverarbeiter gem. Art. 28 DSGVO dazu verpflichtet\nsind, Ihre personenbezogenen Daten nur f\u00fcr o.g. Zwecke und ausschlie\u00dflich im\nAuftrag der Messe M\u00fcnchen GmbH zu verarbeiten. Eine Weitergabe Ihrer Daten an\nDritte erfolgt nicht. Im Fall einer \u00dcbermittlung von Daten in ein Drittland\nwerden die daf\u00fcr notwendigen rechtlichen Voraussetzungen erf\u00fcllt (z.B.\nUS-Privacy-Shield-Zertifizierung, Abschluss von EU-Standardvertragsklauseln).<\/p>\n\n\n\n<p>Wir verarbeiten Ihre Daten bis\ndie o.g. Zwecke entfallen sind bzw. solange die gesetzlichen\nAufbewahrungsfristen hierf\u00fcr noch nicht abgelaufen sind.<\/p>\n\n\n\n<p>N. Wenn Sie an\neinem Gewinnspiel teilnehmen<\/p>\n\n\n\n<h4 class=\"wp-block-heading\"><strong>(1) Gewinnspiele<\/strong><\/h4>\n\n\n\n<p>Sie k\u00f6nnen im Rahmen unserer\nWebseite oder \u00fcber unsere Social Media-Angebote an Gewinnspielen teilnehmen.\nWir verarbeiten hierf\u00fcr diejenigen personenbezogenen Daten, die Sie uns jeweils\nim Rahmen eines Gewinnspieles zur Verf\u00fcgung stellen. Sie finden im Rahmen eines\nsolchen Gewinnspiels zus\u00e4tzliche Nutzungsbedingungen und weitere Informationen,\nsoweit erforderlich.<\/p>\n\n\n\n<h4 class=\"wp-block-heading\"><strong>(2) Rechtsgrundlage<\/strong><\/h4>\n\n\n\n<p>Ihre Einwilligung ist die\nRechtsgrundlage f\u00fcr unsere Datenverarbeitung. Sie k\u00f6nnen Ihre Einwilligung\njederzeit mit Wirkung f\u00fcr die Zukunft widerrufen.<\/p>\n\n\n\n<h4 class=\"wp-block-heading\"><strong>(3) Empf\u00e4ngerkategorien<\/strong><\/h4>\n\n\n\n<p>Wir arbeiten im Rahmen von\nGewinnspielen mit Dritten zusammen. Hierf\u00fcr \u00fcbermitteln wir personenbezogene\nDaten an diese Dritten.<\/p>\n\n\n\n<p>O. Wenn wir Messe-Fotos erheben<\/p>\n\n\n\n<h4 class=\"wp-block-heading\"><strong>(1) Verarbeitungszwecke<\/strong><\/h4>\n\n\n\n<p>Wir verarbeiten Messe-Fotos (ggf.\neinschlie\u00dflich weiterer personenbezogener Daten, die Sie uns im Zusammenhang\nmit den Messe-Fotos zur Verf\u00fcgung stellen) zur Dokumentation unserer Messen.\nZudem verarbeiten wir, insbesondere durch Ver\u00f6ffentlichung und Nutzung,\nMesse-Fotos zu Presse- und Werbezwecken in allen Medien (insbesondere Print\n(z.B. Brosch\u00fcren) und Online (Webseiten, Social Media, etc.). Dies umfasst die\nVer\u00f6ffentlichung, Nutzung und Verarbeitung zum Zwecke der Presse- und\n\u00d6ffentlichkeitsarbeit, der redaktionellen Berichterstattung sowie zu Werbe- und\nMarketingzwecken in Zusammenhang mit der Messe M\u00fcnchen GmbH und den von ihr\nveranstalteten Messen, Veranstaltungen und sonstigen Events.<\/p>\n\n\n\n<h4 class=\"wp-block-heading\"><strong>(2) Rechtsgrundlage<\/strong><\/h4>\n\n\n\n<p>Rechtsgrundlage f\u00fcr Erstellung\nund Nutzung von Messe-Fotos ist Art. 6 Abs. 1 lit. f) DSGVO (berechtigtes\nInteresse an der Dokumentation der von uns durchgef\u00fchrten Messen und unsere\nberechtigten Interessen im Zusammenhang mit den oben genannten\nVerarbeitungszwecken). Bei der erforderlichen Interessenabw\u00e4gung werden Ihre\nPers\u00f6nlichkeitsrechte angemessen ber\u00fccksichtigt.<\/p>\n\n\n\n<p>Sofern wir Bildmaterial von\nIhnen, auf dem Sie herausgehoben erkennbar sind, zu Presse- und Werbezwecken\nver\u00f6ffentlichen und nutzen wollen, holen wir Ihre Einwilligung dazu ein.\nRechtsgrundlage ist dann Ihre Einwilligung gem. Art. 6 Abs. 1 lit. a) DSGVO.<\/p>\n\n\n\n<p>Im Anwendungsbereich des\nKunsturhebergesetz (\u201eKUG\u201c) d\u00fcrfen wir zudem Messe-Fotos gem. \u00a7 23 Abs. 1 KUG\nf\u00fcr folgende Zwecke verbreiten, nutzen und auf sonstige Weise verarbeiten:<\/p>\n\n\n\n<ol><li>Bildnisse aus dem Bereich der Zeitgeschichte;<\/li><li>Bilder, auf denen die Personen nur als Beiwerk neben\neiner Landschaft oder sonstigen \u00d6rtlichkeit erscheinen;<\/li><li>Bilder von Versammlungen, Aufz\u00fcgen und \u00e4hnlichen\nVorg\u00e4ngen, an denen die dargestellten Personen teilgenommen haben;<\/li><li>Bildnisse, die nicht auf Bestellung angefertigt sind,\nsofern die Verbreitung oder Schaustellung einem h\u00f6heren Interesse der Kunst\ndient.<\/li><\/ol>\n\n\n\n<h4 class=\"wp-block-heading\">&nbsp;<\/h4>\n\n\n\n<h4 class=\"wp-block-heading\"><strong>(3) Empf\u00e4ngerkategorien<\/strong><\/h4>\n\n\n\n<p>Die angefertigten Messe-Fotos\nk\u00f6nnen zum oben genannten Zweck der Presse- und \u00d6ffentlichkeitsarbeit, der\nredaktionellen Berichterstattung sowie zu Werbe- und Marketingzwecken an\nJournalisten, Medienunternehmen, Presse- und Fotoagenturen sowie Plattformen\nauch in das Ausland \u00fcbermittelt und durch uns ver\u00f6ffentlicht werden. Wir setzen\nferner im Wege der Auftragsverarbeitung Dienstleister bei der Erbringung von\nLeistungen ein, insbesondere f\u00fcr die Erstellung der Messe-Fotos. Diese\nDienstleister sind von uns vertraglich verpflichtet, die gleiche Sorgfalt beim\nUmgang mit personenbezogenen Daten walten zu lassen wie wir selbst.<\/p>\n\n\n\n<p><strong>4. Wie lange speichern wir Ihre\npersonenbezogenen Daten?<\/strong><\/p>\n\n\n\n<p>Wir l\u00f6schen Ihre\npersonenbezogenen Daten, wenn der jeweilige Zweck der Speicherung entf\u00e4llt und\nkeine gesetzliche Vorschrift eine Aufbewahrung erfordert. Statistische\nAuswertungen erfolgen nur in anonymisierter Form.<\/p>\n\n\n\n<p><strong>5. Welche Betroffenenrechte haben Sie?<\/strong><strong><\/strong><\/p>\n\n\n\n<p>Bitten wenden Sie sich f\u00fcr die\nWahrnehmung Ihrer Rechte und zum Widerruf Ihrer Einwilligung an unseren\nDatenschutzbeauftragten.<\/p>\n\n\n\n<p>A. Ihre Betroffenenrechte<\/p>\n\n\n\n<p>Sie haben uns\ngegen\u00fcber folgende Rechte hinsichtlich der Sie betreffenden personenbezogenen\nDaten:<\/p>\n\n\n\n<ul><li>Sie haben das Recht, jederzeit Auskunft \u00fcber alle personenbezogenen Daten\nzu verlangen, die wir von Ihnen verarbeiten.<\/li><li>Sollten Ihre personenbezogenen Daten unrichtig oder unvollst\u00e4ndig sein,\nhaben Sie ein Recht auf Berichtigung und Erg\u00e4nzung.<\/li><li>Sie k\u00f6nnen jederzeit die L\u00f6schung Ihrer personenbezogenen Daten verlangen,\nsofern wir nicht rechtlich zur weiteren Verarbeitung Ihrer Daten verpflichtet\noder berechtigt sind.<\/li><li>Bei Vorliegen der gesetzlichen Voraussetzungen k\u00f6nnen Sie eine\nEinschr\u00e4nkung der Verarbeitung Ihrer personenbezogenen Daten verlangen.<\/li><li><strong>Sie haben das Recht, gegen die Verarbeitung Widerspruch zu erheben, soweit\ndie Datenverarbeitung zum Zwecke der Direktwerbung oder des Profilings erfolgt.\nErfolgt die Verarbeitung auf Grund einer Interessenabw\u00e4gung, so k\u00f6nnen Sie der\nVerarbeitung unter Angabe von Gr\u00fcnden, die sich aus Ihrer besonderen Situation\nergeben, widersprechen.<\/strong><\/li><li>Erfolgt die Datenverarbeitung auf Grundlage Ihrer Einwilligung oder im\nRahmen eines Vertrages, so haben Sie ein Recht auf \u00dcbertragung der von Ihnen\nbereitgestellten Daten, sofern dadurch nicht die Rechte und Freiheiten anderer\nPersonen beeintr\u00e4chtigt werden.<\/li><\/ul>\n\n\n\n<p>B. Widerruf Ihrer Einwilligung<\/p>\n\n\n\n<p>Wenn Sie uns eine Einwilligung\nzur Verarbeitung Ihrer personenbezogenen Daten erteilt haben, k\u00f6nnen Sie Ihre\nEinwilligung jederzeit mit Wirkung f\u00fcr die Zukunft widerrufen.<\/p>\n\n\n\n<h2 class=\"wp-block-heading\"><strong>6. Beschwerdem\u00f6glichkeit<\/strong><\/h2>\n\n\n\n<p>Sie haben das Recht, sich bei\neiner Datenschutzaufsichtsbeh\u00f6rde \u00fcber die Verarbeitung Ihrer personenbezogenen\nDaten durch uns zu beschweren.<\/p>\n\n\n\n<p>F\u00fcr uns ist folgende\nDatenschutzaufsichtsbeh\u00f6rde zust\u00e4ndig:<\/p>\n\n\n\n<p>Bayerisches Landesamt f\u00fcr\nDatenschutzaufsicht<br>\nPromenade 18<br>\n91522 Ansbach<br>\nDeutschland<br>\nTel.: +49 981 180093-0<br>\nFax: +49 981 180093-800<br>\nE-Mail: <a href=\"mailto:poststelle@lda.bayern.de\">poststelle@lda.bayern.de<\/a><\/p>\n\n\n\n<h2 class=\"wp-block-heading\">&nbsp;<\/h2>\n\n\n\n<h2 class=\"wp-block-heading\"><strong>7. Haben sie Fragen und Kommentare?<\/strong><\/h2>\n\n\n\n<p>Sollten Sie noch Fragen oder\nAnregungen zum Datenschutz bei der Messe M\u00fcnchen GmbH haben, k\u00f6nnen Sie sich\ngerne per E-Mail an unseren Datenschutzbeauftragten wenden.<\/p>\n\n\n\n<p><em>M\u00fcnchen, April\n2020<\/em><\/p>\n<div class=\"shariff shariff-align-left shariff-widget-align-left\" style=\"display:none\" data-services=\"facebook\" data-url=\"https:\/\/drinktec-blog.b-rex.de\/de\/datenschutz\/\" data-timestamp=\"1589988036\" data-hidezero=\"1\" data-backendurl=\"https:\/\/drinktec-blog.b-rex.de\/de\/wp-json\/shariff\/v1\/share_counts?\"><ul class=\"shariff-buttons theme-default orientation-horizontal buttonsize-medium\"><li class=\"shariff-button facebook shariff-nocustomcolor\" style=\"background-color:#4273c8\"><a href=\"https:\/\/www.facebook.com\/sharer\/sharer.php?u=https%3A%2F%2Fdrinktec-blog.b-rex.de%2Fde%2Fdatenschutz%2F\" title=\"Bei Facebook teilen\" aria-label=\"Bei Facebook teilen\" role=\"button\" rel=\"nofollow\" class=\"shariff-link\" style=\"; background-color:#3b5998; color:#fff\" target=\"_blank\"><span class=\"shariff-icon\" style=\"\"><svg width=\"32px\" height=\"20px\" xmlns=\"http:\/\/www.w3.org\/2000\/svg\" viewBox=\"0 0 18 32\"><path fill=\"#3b5998\" d=\"M17.1 0.2v4.7h-2.8q-1.5 0-2.1 0.6t-0.5 1.9v3.4h5.2l-0.7 5.3h-4.5v13.6h-5.5v-13.6h-4.5v-5.3h4.5v-3.9q0-3.3 1.9-5.2t5-1.8q2.6 0 4.1 0.2z\"\/><\/svg><\/span><span class=\"shariff-text\">teilen<\/span>&nbsp;<span data-service=\"facebook\" style=\"color:#3b5998\" class=\"shariff-count shariff-hidezero\"><\/span>&nbsp;<\/a><\/li><li class=\"shariff-button twitter shariff-nocustomcolor\" style=\"background-color:#595959\"><a href=\"https:\/\/twitter.com\/share?url=https%3A%2F%2Fdrinktec-blog.b-rex.de%2Fde%2Fdatenschutz%2F&text=Datenschutzhinweise\" title=\"Bei X teilen\" aria-label=\"Bei X teilen\" role=\"button\" rel=\"noopener nofollow\" class=\"shariff-link\" style=\"; background-color:#000; color:#fff\" target=\"_blank\"><span class=\"shariff-icon\" style=\"\"><svg width=\"32px\" height=\"20px\" xmlns=\"http:\/\/www.w3.org\/2000\/svg\" viewBox=\"0 0 24 24\"><path fill=\"#000\" d=\"M14.258 10.152L23.176 0h-2.113l-7.747 8.813L7.133 0H0l9.352 13.328L0 23.973h2.113l8.176-9.309 6.531 9.309h7.133zm-2.895 3.293l-.949-1.328L2.875 1.56h3.246l6.086 8.523.945 1.328 7.91 11.078h-3.246zm0 0\"\/><\/svg><\/span><span class=\"shariff-text\">teilen<\/span>&nbsp;<\/a><\/li><li class=\"shariff-button linkedin shariff-nocustomcolor\" style=\"background-color:#1488bf\"><a href=\"https:\/\/www.linkedin.com\/sharing\/share-offsite\/?url=https%3A%2F%2Fdrinktec-blog.b-rex.de%2Fde%2Fdatenschutz%2F\" title=\"Bei LinkedIn teilen\" aria-label=\"Bei LinkedIn teilen\" role=\"button\" rel=\"noopener nofollow\" class=\"shariff-link\" style=\"; background-color:#0077b5; color:#fff\" target=\"_blank\"><span class=\"shariff-icon\" style=\"\"><svg width=\"32px\" height=\"20px\" xmlns=\"http:\/\/www.w3.org\/2000\/svg\" viewBox=\"0 0 27 32\"><path fill=\"#0077b5\" d=\"M6.2 11.2v17.7h-5.9v-17.7h5.9zM6.6 5.7q0 1.3-0.9 2.2t-2.4 0.9h0q-1.5 0-2.4-0.9t-0.9-2.2 0.9-2.2 2.4-0.9 2.4 0.9 0.9 2.2zM27.4 18.7v10.1h-5.9v-9.5q0-1.9-0.7-2.9t-2.3-1.1q-1.1 0-1.9 0.6t-1.2 1.5q-0.2 0.5-0.2 1.4v9.9h-5.9q0-7.1 0-11.6t0-5.3l0-0.9h5.9v2.6h0q0.4-0.6 0.7-1t1-0.9 1.6-0.8 2-0.3q3 0 4.9 2t1.9 6z\"\/><\/svg><\/span><span class=\"shariff-text\">teilen<\/span>&nbsp;<\/a><\/li><li class=\"shariff-button xing shariff-nocustomcolor\" style=\"background-color:#29888a\"><a href=\"https:\/\/www.xing.com\/spi\/shares\/new?url=https%3A%2F%2Fdrinktec-blog.b-rex.de%2Fde%2Fdatenschutz%2F\" title=\"Bei XING teilen\" aria-label=\"Bei XING teilen\" role=\"button\" rel=\"noopener nofollow\" class=\"shariff-link\" style=\"; background-color:#126567; color:#fff\" target=\"_blank\"><span class=\"shariff-icon\" style=\"\"><svg width=\"32px\" height=\"20px\" xmlns=\"http:\/\/www.w3.org\/2000\/svg\" viewBox=\"0 0 25 32\"><path fill=\"#126567\" d=\"M10.7 11.9q-0.2 0.3-4.6 8.2-0.5 0.8-1.2 0.8h-4.3q-0.4 0-0.5-0.3t0-0.6l4.5-8q0 0 0 0l-2.9-5q-0.2-0.4 0-0.7 0.2-0.3 0.5-0.3h4.3q0.7 0 1.2 0.8zM25.1 0.4q0.2 0.3 0 0.7l-9.4 16.7 6 11q0.2 0.4 0 0.6-0.2 0.3-0.6 0.3h-4.3q-0.7 0-1.2-0.8l-6-11.1q0.3-0.6 9.5-16.8 0.4-0.8 1.2-0.8h4.3q0.4 0 0.5 0.3z\"\/><\/svg><\/span><span class=\"shariff-text\">teilen<\/span>&nbsp;<\/a><\/li><li class=\"shariff-button mailto shariff-nocustomcolor\" style=\"background-color:#a8a8a8\"><a href=\"mailto:?body=https%3A%2F%2Fdrinktec-blog.b-rex.de%2Fde%2Fdatenschutz%2F&subject=Datenschutzhinweise\" title=\"Per E-Mail versenden\" aria-label=\"Per E-Mail versenden\" role=\"button\" rel=\"noopener nofollow\" class=\"shariff-link\" style=\"; background-color:#999; color:#fff\"><span class=\"shariff-icon\" style=\"\"><svg width=\"32px\" height=\"20px\" xmlns=\"http:\/\/www.w3.org\/2000\/svg\" viewBox=\"0 0 32 32\"><path fill=\"#999\" d=\"M32 12.7v14.2q0 1.2-0.8 2t-2 0.9h-26.3q-1.2 0-2-0.9t-0.8-2v-14.2q0.8 0.9 1.8 1.6 6.5 4.4 8.9 6.1 1 0.8 1.6 1.2t1.7 0.9 2 0.4h0.1q0.9 0 2-0.4t1.7-0.9 1.6-1.2q3-2.2 8.9-6.1 1-0.7 1.8-1.6zM32 7.4q0 1.4-0.9 2.7t-2.2 2.2q-6.7 4.7-8.4 5.8-0.2 0.1-0.7 0.5t-1 0.7-0.9 0.6-1.1 0.5-0.9 0.2h-0.1q-0.4 0-0.9-0.2t-1.1-0.5-0.9-0.6-1-0.7-0.7-0.5q-1.6-1.1-4.7-3.2t-3.6-2.6q-1.1-0.7-2.1-2t-1-2.5q0-1.4 0.7-2.3t2.1-0.9h26.3q1.2 0 2 0.8t0.9 2z\"\/><\/svg><\/span><span class=\"shariff-text\">E-Mail<\/span>&nbsp;<\/a><\/li><\/ul><\/div>","protected":false},"excerpt":{"rendered":"<p>Grunds\u00e4tze Die Messe M\u00fcnchen GmbH (\u201eMesse M\u00fcnchen\u201c) freut sich \u00fcber Ihr Interesse an unserem Unternehmen und unseren Produkten. Wir nehmen&#46;&#46;&#46;<\/p>\n","protected":false},"author":22,"featured_media":0,"parent":0,"menu_order":0,"comment_status":"closed","ping_status":"closed","template":"","meta":{"footnotes":""},"yoast_head":"<!-- This site is optimized with the Yoast SEO plugin v23.5 - https:\/\/yoast.com\/wordpress\/plugins\/seo\/ -->\n<title>Datenschutzhinweise - drinktec Blog<\/title>\n<meta name=\"robots\" content=\"noindex, follow, max-snippet:-1, max-image-preview:large, max-video-preview:-1\" \/>\n<meta property=\"og:locale\" content=\"de_DE\" \/>\n<meta property=\"og:type\" content=\"article\" \/>\n<meta property=\"og:title\" content=\"Datenschutzhinweise - drinktec Blog\" \/>\n<meta property=\"og:description\" content=\"Grunds\u00e4tze Die Messe M\u00fcnchen GmbH (\u201eMesse M\u00fcnchen\u201c) freut sich \u00fcber Ihr Interesse an unserem Unternehmen und unseren Produkten. Wir nehmen&#046;&#046;&#046;\" \/>\n<meta property=\"og:url\" content=\"https:\/\/drinktec-blog.b-rex.de\/de\/datenschutz\/\" \/>\n<meta property=\"og:site_name\" content=\"drinktec Blog\" \/>\n<meta property=\"article:publisher\" content=\"https:\/\/www.facebook.com\/drinktec\" \/>\n<meta property=\"article:modified_time\" content=\"2020-05-20T13:20:36+00:00\" \/>\n<meta name=\"twitter:card\" content=\"summary_large_image\" \/>\n<meta name=\"twitter:site\" content=\"@drinktec\" \/>\n<meta name=\"twitter:label1\" content=\"Gesch\u00e4tzte Lesezeit\" \/>\n\t<meta name=\"twitter:data1\" content=\"60\u00a0Minuten\" \/>\n<script type=\"application\/ld+json\" class=\"yoast-schema-graph\">{\"@context\":\"https:\/\/schema.org\",\"@graph\":[{\"@type\":\"WebPage\",\"@id\":\"https:\/\/drinktec-blog.b-rex.de\/de\/datenschutz\/\",\"url\":\"https:\/\/drinktec-blog.b-rex.de\/de\/datenschutz\/\",\"name\":\"Datenschutzhinweise - drinktec Blog\",\"isPartOf\":{\"@id\":\"https:\/\/drinktec-blog.b-rex.de\/de\/#website\"},\"datePublished\":\"2017-04-11T09:04:12+00:00\",\"dateModified\":\"2020-05-20T13:20:36+00:00\",\"breadcrumb\":{\"@id\":\"https:\/\/drinktec-blog.b-rex.de\/de\/datenschutz\/#breadcrumb\"},\"inLanguage\":\"de\",\"potentialAction\":[{\"@type\":\"ReadAction\",\"target\":[\"https:\/\/drinktec-blog.b-rex.de\/de\/datenschutz\/\"]}]},{\"@type\":\"BreadcrumbList\",\"@id\":\"https:\/\/drinktec-blog.b-rex.de\/de\/datenschutz\/#breadcrumb\",\"itemListElement\":[{\"@type\":\"ListItem\",\"position\":1,\"name\":\"Home\",\"item\":\"https:\/\/drinktec-blog.b-rex.de\/de\/\"},{\"@type\":\"ListItem\",\"position\":2,\"name\":\"Datenschutzhinweise\"}]},{\"@type\":\"WebSite\",\"@id\":\"https:\/\/drinktec-blog.b-rex.de\/de\/#website\",\"url\":\"https:\/\/drinktec-blog.b-rex.de\/de\/\",\"name\":\"drinktec Blog\",\"description\":\"News f\u00fcr die Getr\u00e4nke- und Liquid-Food-Industrie\",\"publisher\":{\"@id\":\"https:\/\/drinktec-blog.b-rex.de\/de\/#organization\"},\"potentialAction\":[{\"@type\":\"SearchAction\",\"target\":{\"@type\":\"EntryPoint\",\"urlTemplate\":\"https:\/\/drinktec-blog.b-rex.de\/de\/?s={search_term_string}\"},\"query-input\":{\"@type\":\"PropertyValueSpecification\",\"valueRequired\":true,\"valueName\":\"search_term_string\"}}],\"inLanguage\":\"de\"},{\"@type\":\"Organization\",\"@id\":\"https:\/\/drinktec-blog.b-rex.de\/de\/#organization\",\"name\":\"drinktec - Weltleitmesse f\u00fcr die Getr\u00e4nke- und Liquid-Food-Industrie\",\"url\":\"https:\/\/drinktec-blog.b-rex.de\/de\/\",\"logo\":{\"@type\":\"ImageObject\",\"inLanguage\":\"de\",\"@id\":\"https:\/\/drinktec-blog.b-rex.de\/de\/#\/schema\/logo\/image\/\",\"url\":\"https:\/\/drinktec-blog.b-rex.de\/http:\/\/drinktec-blog.b-rex.de\/wp-content\/uploads\/2018\/08\/drinktec_lettclaim_rgb.jpg\",\"contentUrl\":\"https:\/\/drinktec-blog.b-rex.de\/http:\/\/drinktec-blog.b-rex.de\/wp-content\/uploads\/2018\/08\/drinktec_lettclaim_rgb.jpg\",\"width\":591,\"height\":170,\"caption\":\"drinktec - Weltleitmesse f\u00fcr die Getr\u00e4nke- und Liquid-Food-Industrie\"},\"image\":{\"@id\":\"https:\/\/drinktec-blog.b-rex.de\/de\/#\/schema\/logo\/image\/\"},\"sameAs\":[\"https:\/\/www.facebook.com\/drinktec\",\"https:\/\/x.com\/drinktec\"]}]}<\/script>\n<!-- \/ Yoast SEO plugin. -->","yoast_head_json":{"title":"Datenschutzhinweise - drinktec Blog","robots":{"index":"noindex","follow":"follow","max-snippet":"max-snippet:-1","max-image-preview":"max-image-preview:large","max-video-preview":"max-video-preview:-1"},"og_locale":"de_DE","og_type":"article","og_title":"Datenschutzhinweise - drinktec Blog","og_description":"Grunds\u00e4tze Die Messe M\u00fcnchen GmbH (\u201eMesse M\u00fcnchen\u201c) freut sich \u00fcber Ihr Interesse an unserem Unternehmen und unseren Produkten. Wir nehmen&#46;&#46;&#46;","og_url":"https:\/\/drinktec-blog.b-rex.de\/de\/datenschutz\/","og_site_name":"drinktec Blog","article_publisher":"https:\/\/www.facebook.com\/drinktec","article_modified_time":"2020-05-20T13:20:36+00:00","twitter_card":"summary_large_image","twitter_site":"@drinktec","twitter_misc":{"Gesch\u00e4tzte Lesezeit":"60\u00a0Minuten"},"schema":{"@context":"https:\/\/schema.org","@graph":[{"@type":"WebPage","@id":"https:\/\/drinktec-blog.b-rex.de\/de\/datenschutz\/","url":"https:\/\/drinktec-blog.b-rex.de\/de\/datenschutz\/","name":"Datenschutzhinweise - drinktec Blog","isPartOf":{"@id":"https:\/\/drinktec-blog.b-rex.de\/de\/#website"},"datePublished":"2017-04-11T09:04:12+00:00","dateModified":"2020-05-20T13:20:36+00:00","breadcrumb":{"@id":"https:\/\/drinktec-blog.b-rex.de\/de\/datenschutz\/#breadcrumb"},"inLanguage":"de","potentialAction":[{"@type":"ReadAction","target":["https:\/\/drinktec-blog.b-rex.de\/de\/datenschutz\/"]}]},{"@type":"BreadcrumbList","@id":"https:\/\/drinktec-blog.b-rex.de\/de\/datenschutz\/#breadcrumb","itemListElement":[{"@type":"ListItem","position":1,"name":"Home","item":"https:\/\/drinktec-blog.b-rex.de\/de\/"},{"@type":"ListItem","position":2,"name":"Datenschutzhinweise"}]},{"@type":"WebSite","@id":"https:\/\/drinktec-blog.b-rex.de\/de\/#website","url":"https:\/\/drinktec-blog.b-rex.de\/de\/","name":"drinktec Blog","description":"News f\u00fcr die Getr\u00e4nke- und Liquid-Food-Industrie","publisher":{"@id":"https:\/\/drinktec-blog.b-rex.de\/de\/#organization"},"potentialAction":[{"@type":"SearchAction","target":{"@type":"EntryPoint","urlTemplate":"https:\/\/drinktec-blog.b-rex.de\/de\/?s={search_term_string}"},"query-input":{"@type":"PropertyValueSpecification","valueRequired":true,"valueName":"search_term_string"}}],"inLanguage":"de"},{"@type":"Organization","@id":"https:\/\/drinktec-blog.b-rex.de\/de\/#organization","name":"drinktec - Weltleitmesse f\u00fcr die Getr\u00e4nke- und Liquid-Food-Industrie","url":"https:\/\/drinktec-blog.b-rex.de\/de\/","logo":{"@type":"ImageObject","inLanguage":"de","@id":"https:\/\/drinktec-blog.b-rex.de\/de\/#\/schema\/logo\/image\/","url":"https:\/\/drinktec-blog.b-rex.de\/http:\/\/drinktec-blog.b-rex.de\/wp-content\/uploads\/2018\/08\/drinktec_lettclaim_rgb.jpg","contentUrl":"https:\/\/drinktec-blog.b-rex.de\/http:\/\/drinktec-blog.b-rex.de\/wp-content\/uploads\/2018\/08\/drinktec_lettclaim_rgb.jpg","width":591,"height":170,"caption":"drinktec - Weltleitmesse f\u00fcr die Getr\u00e4nke- und Liquid-Food-Industrie"},"image":{"@id":"https:\/\/drinktec-blog.b-rex.de\/de\/#\/schema\/logo\/image\/"},"sameAs":["https:\/\/www.facebook.com\/drinktec","https:\/\/x.com\/drinktec"]}]}},"_links":{"self":[{"href":"https:\/\/drinktec-blog.b-rex.de\/de\/wp-json\/wp\/v2\/pages\/1636"}],"collection":[{"href":"https:\/\/drinktec-blog.b-rex.de\/de\/wp-json\/wp\/v2\/pages"}],"about":[{"href":"https:\/\/drinktec-blog.b-rex.de\/de\/wp-json\/wp\/v2\/types\/page"}],"author":[{"embeddable":true,"href":"https:\/\/drinktec-blog.b-rex.de\/de\/wp-json\/wp\/v2\/users\/22"}],"replies":[{"embeddable":true,"href":"https:\/\/drinktec-blog.b-rex.de\/de\/wp-json\/wp\/v2\/comments?post=1636"}],"version-history":[{"count":16,"href":"https:\/\/drinktec-blog.b-rex.de\/de\/wp-json\/wp\/v2\/pages\/1636\/revisions"}],"predecessor-version":[{"id":7260,"href":"https:\/\/drinktec-blog.b-rex.de\/de\/wp-json\/wp\/v2\/pages\/1636\/revisions\/7260"}],"wp:attachment":[{"href":"https:\/\/drinktec-blog.b-rex.de\/de\/wp-json\/wp\/v2\/media?parent=1636"}],"curies":[{"name":"wp","href":"https:\/\/api.w.org\/{rel}","templated":true}]}}